{"id":2654,"date":"2021-02-07T11:58:15","date_gmt":"2021-02-07T10:58:15","guid":{"rendered":"http:\/\/parafia-klemensow.pl\/?page_id=2654"},"modified":"2021-02-07T13:47:31","modified_gmt":"2021-02-07T12:47:31","slug":"biblioteczka-parafialna","status":"publish","type":"page","link":"https:\/\/parafia-klemensow.pl\/index.php\/kontakt\/biblioteczka-parafialna\/","title":{"rendered":"Biblioteczka parafialna"},"content":{"rendered":"\n<p>Pod ch\u00f3rem jest nasza biblioteczka parafialna. W tej chwili mamy oko\u0142o 310 pozycji ksi\u0105\u017ckowych. Zach\u0119camy do lektury i prosimy, aby po przeczytaniu ksi\u0105\u017cki przynosi\u0107 z powrotem. Je\u017celi kto\u015b chce ofiarowa\u0107 jak\u0105\u015b pozycje do biblioteczki prosimy o przyniesienie jej do zakrystii w celu opiecz\u0119towania i skatalogowania.<\/p>\n\n\n\n<figure class=\"wp-block-image size-large\"><img loading=\"lazy\" decoding=\"async\" width=\"1024\" height=\"683\" src=\"https:\/\/parafia-klemensow.pl\/wp-content\/uploads\/2021\/02\/woman-3435842_1920-1024x683.jpg\" alt=\"\" class=\"wp-image-2660\" srcset=\"https:\/\/parafia-klemensow.pl\/wp-content\/uploads\/2021\/02\/woman-3435842_1920-1024x683.jpg 1024w, https:\/\/parafia-klemensow.pl\/wp-content\/uploads\/2021\/02\/woman-3435842_1920-300x200.jpg 300w, https:\/\/parafia-klemensow.pl\/wp-content\/uploads\/2021\/02\/woman-3435842_1920-768x512.jpg 768w, https:\/\/parafia-klemensow.pl\/wp-content\/uploads\/2021\/02\/woman-3435842_1920-1536x1024.jpg 1536w, https:\/\/parafia-klemensow.pl\/wp-content\/uploads\/2021\/02\/woman-3435842_1920-50x33.jpg 50w, https:\/\/parafia-klemensow.pl\/wp-content\/uploads\/2021\/02\/woman-3435842_1920-830x553.jpg 830w, https:\/\/parafia-klemensow.pl\/wp-content\/uploads\/2021\/02\/woman-3435842_1920-230x153.jpg 230w, https:\/\/parafia-klemensow.pl\/wp-content\/uploads\/2021\/02\/woman-3435842_1920-350x233.jpg 350w, https:\/\/parafia-klemensow.pl\/wp-content\/uploads\/2021\/02\/woman-3435842_1920-480x320.jpg 480w, https:\/\/parafia-klemensow.pl\/wp-content\/uploads\/2021\/02\/woman-3435842_1920.jpg 1920w\" sizes=\"auto, (max-width: 1024px) 100vw, 1024px\" \/><\/figure>\n\n\n\n<p><strong>Ksi\u0105\u017cki w bibliotece parafialnej :<\/strong><\/p>\n\n\n\n<p>\u201e Anio\u0142 ze stygmatami zatrzyma\u0142 si\u0119 w moim domu \u2013 Brat Elia\u201d ; F. Turolli; wyd. Esprit<\/p>\n\n\n\n<p>\u201eAby\u015bcie wierzyli\u201d ; B. McKenna, H. Libersat; wyd. Marian\u00f3w<\/p>\n\n\n\n<p>\u201e A Duch wieje k\u0119dy chce\u201d \u2013 poezja religijna ; wyd. Lublin&nbsp;<\/p>\n\n\n\n<p>\u201eAnegdoty niepo\u015bwi\u0119cone\u201d ; J. Kracik; wyd. M<\/p>\n\n\n\n<p>\u201eAnio\u0142owie i objawienia fatimskie\u201d ; A. Borelli; wyd. Instytut ksi\u0119dza Piotra Skargi&nbsp;<\/p>\n\n\n\n<p>\u201eAsy\u017c. Miasto \u015bw. Franciszka\u201d \u2013 przewodnik; P.S. Maiarelli<\/p>\n\n\n\n<p>\u201eApokalipsa. Czas jest bliski\u2026\u201d M. Pabis ; Kolekcja Uczta Duchowa&nbsp;&nbsp;&nbsp;&nbsp;&nbsp;&nbsp;&nbsp;&nbsp;&nbsp;&nbsp;&nbsp;&nbsp;&nbsp;&nbsp;&nbsp;&nbsp;&nbsp;&nbsp;&nbsp;&nbsp;&nbsp;&nbsp;&nbsp;&nbsp;&nbsp;&nbsp;&nbsp;&nbsp;&nbsp;&nbsp;&nbsp;&nbsp;&nbsp;&nbsp;&nbsp;&nbsp;&nbsp;&nbsp;&nbsp;&nbsp;&nbsp;&nbsp;&nbsp;&nbsp;<\/p>\n\n\n\n<p>\u201eBardzo kr\u00f3tkie opowie\u015bci\u201d R. Brandstaetter; wyd. PAX<\/p>\n\n\n\n<p>\u201eB\u0105d\u017amy ludem \u017cycia. Felietony z Radia Maryja\u201d ; J. Nag\u00f3rny; wyd. Nasza Przysz\u0142o\u015b\u0107 &nbsp;<\/p>\n\n\n\n<p>\u201eBen Hur\u201d ; L. Wallace\u201d wyd. Ewangeliczne&nbsp;<\/p>\n\n\n\n<p>\u201eB\u0119dziecie moimi \u015bwiadkami\u201d; K. Majda\u0144ski; wyd. Szczecin&nbsp;&nbsp;&nbsp;&nbsp;&nbsp;&nbsp;&nbsp;&nbsp;&nbsp;&nbsp;&nbsp;&nbsp;&nbsp;&nbsp;&nbsp;&nbsp;&nbsp;&nbsp;&nbsp;&nbsp;&nbsp;&nbsp;&nbsp;&nbsp;&nbsp;&nbsp;&nbsp;&nbsp;&nbsp;&nbsp;&nbsp;&nbsp;&nbsp;&nbsp;&nbsp;&nbsp;&nbsp;&nbsp;&nbsp;&nbsp;&nbsp;&nbsp;&nbsp;&nbsp;&nbsp;&nbsp;&nbsp;&nbsp;&nbsp;&nbsp;&nbsp;&nbsp;&nbsp;&nbsp;&nbsp;&nbsp;&nbsp;&nbsp;&nbsp;&nbsp;&nbsp;&nbsp;&nbsp;&nbsp;&nbsp;&nbsp;&nbsp;&nbsp;&nbsp;&nbsp;&nbsp;&nbsp;&nbsp;&nbsp;&nbsp;&nbsp;&nbsp;&nbsp;&nbsp;&nbsp;&nbsp;&nbsp;&nbsp;&nbsp;&nbsp;&nbsp;&nbsp;&nbsp;&nbsp;&nbsp;&nbsp;&nbsp;&nbsp;&nbsp;&nbsp;&nbsp;&nbsp;&nbsp;&nbsp;&nbsp;&nbsp;&nbsp;&nbsp;&nbsp;&nbsp;&nbsp;&nbsp;&nbsp;&nbsp;&nbsp;&nbsp;&nbsp;&nbsp;&nbsp;&nbsp;&nbsp;&nbsp;&nbsp;&nbsp;&nbsp;&nbsp;&nbsp;&nbsp;&nbsp;&nbsp;&nbsp;&nbsp;&nbsp;&nbsp;&nbsp;&nbsp;&nbsp;&nbsp;&nbsp;&nbsp;&nbsp;&nbsp;&nbsp;&nbsp;&nbsp;&nbsp;&nbsp;&nbsp;&nbsp;&nbsp;&nbsp;&nbsp;&nbsp;&nbsp;&nbsp;&nbsp;&nbsp;&nbsp;&nbsp;&nbsp;&nbsp;&nbsp;&nbsp;&nbsp;&nbsp;&nbsp; &nbsp;&nbsp;&nbsp;&nbsp;&nbsp;&nbsp;&nbsp;&nbsp;&nbsp;&nbsp;&nbsp;&nbsp;&nbsp;&nbsp;&nbsp;&nbsp;&nbsp;&nbsp;&nbsp;&nbsp;&nbsp;&nbsp;&nbsp;&nbsp;&nbsp;&nbsp;&nbsp;<\/p>\n\n\n\n<p>\u201eBiblia dla moich dzieci\u201d; D. Rops; wyd. Wroc\u0142aw&nbsp;&nbsp;&nbsp;&nbsp;<\/p>\n\n\n\n<p>\u201eBitwa o Polsk\u0119\u201d ; J.M. Jackowski; wyd. \u201ead astra\u201d&nbsp;<\/p>\n\n\n\n<p>\u201e B\u0142ogos\u0142awiona wina\u201d ; Z. Kossak \u2013 literatura pi\u0119kna&nbsp;<\/p>\n\n\n\n<p>\u201eB\u0142ogos\u0142awiona Hiacynta z Fatimy. Cierpie\u0107 dla zbawienia grzesznik\u00f3w\u201d;&nbsp;&nbsp;&nbsp;&nbsp;&nbsp;&nbsp;&nbsp;&nbsp;&nbsp;&nbsp;&nbsp; B. Bemelmans; wyd. Instytut ks. Piotra Skargi&nbsp;&nbsp;&nbsp;&nbsp;&nbsp;&nbsp;<\/p>\n\n\n\n<p>\u201eB\u0142ogos\u0142awiony Jerzy \u2013 dojrzewanie do \u015bwieto\u015bci\u201d ; M. W\u00f3jtowicz; wyd. S. Loretanek&nbsp;<\/p>\n\n\n\n<p>\u201eB\u0142ogos\u0142awiony W\u0142adys\u0142aw z Gielniowa\u201d ; wyd. JuT<\/p>\n\n\n\n<p>\u201e Bogactwo mszy \u015bwi\u0119tej\u201d; M. Nowak ; wyd.&nbsp; Cz\u0119stochowa<\/p>\n\n\n\n<p>\u201eBogarodzica zawsze Dziewica\u201d ; T. Kunda; wyd. Apostolicum<\/p>\n\n\n\n<p>\u201eBoskie Oblicze. Ca\u0142un z Manoppello\u201d ; P. Badde; wyd. Polwen&nbsp;&nbsp;&nbsp;&nbsp;&nbsp;&nbsp;&nbsp;<\/p>\n\n\n\n<p>\u201eB\u00f3g i ludzkie pytania\u201d ; A. Frossard; wyd. Jedno\u015b\u0107<\/p>\n\n\n\n<p>\u201eBrat Albert- Inspiracje; G. Ry\u015b; wyd. eSPe ; 2012&nbsp;&nbsp;&nbsp;<\/p>\n\n\n\n<p>\u201eBrat bogaty w mi\u0142osierdzie\u201d ; S. Rybicki, A. Walter<\/p>\n\n\n\n<p>\u201eBrat Elia od Aposto\u0142\u00f3w Bo\u017cych. Tajemnica \u015awiat\u0142a\u201d F. Turolli; wyd. Esprit<\/p>\n\n\n\n<p>\u201eBro\u0144 nas w walce. Radios\u0142uchacze pytaj\u0105 egzorcyst\u0119\u201d; S. Irla; wyd. Biblos<\/p>\n\n\n\n<p>\u201eBrygida Szwedzka- \u015awi\u0119ta Europejka\u201d; P. Giovetti; wyd. Jedno\u015b\u0107&nbsp;&nbsp;&nbsp;&nbsp;&nbsp;&nbsp;&nbsp;&nbsp;&nbsp;&nbsp;&nbsp;&nbsp;&nbsp;&nbsp;&nbsp;&nbsp;&nbsp;&nbsp;&nbsp;&nbsp;&nbsp;&nbsp;&nbsp;&nbsp;&nbsp;&nbsp;&nbsp;&nbsp;&nbsp;&nbsp;&nbsp;&nbsp;&nbsp;&nbsp;&nbsp;&nbsp;&nbsp;&nbsp;&nbsp;&nbsp;&nbsp;&nbsp;&nbsp;&nbsp;<\/p>\n\n\n\n<p>\u201eBy\u0107 jak Hiob. Do\u015bwiadczenie Boga w kryzysie\u201d; M. Olszewski; wyd. eSPe<\/p>\n\n\n\n<p>\u201eBy\u0107 szcz\u0119\u015bliwym\u201d 8 b\u0142ogos\u0142awie\u0144stw we wsp\u00f3\u0142czesnym \u017cyciu Polak\u00f3w; red. M. Krzy\u017canek;&nbsp;&nbsp;&nbsp; wyd.&nbsp; \u015bw. Wojciech&nbsp;<\/p>\n\n\n\n<p>\u201eBy\u0142am w Karmelu\u201d ; I. Kowalska; wyd. Misjonarzy Klaretyn\u00f3w &nbsp;&nbsp;&nbsp;&nbsp;&nbsp;&nbsp;&nbsp;&nbsp;&nbsp;&nbsp;&nbsp;&nbsp;&nbsp;&nbsp;&nbsp;&nbsp;&nbsp;&nbsp;&nbsp;&nbsp;&nbsp;&nbsp;&nbsp;&nbsp;&nbsp;&nbsp;&nbsp;&nbsp;&nbsp;&nbsp;&nbsp;&nbsp;&nbsp;&nbsp;&nbsp;&nbsp;&nbsp;&nbsp;&nbsp;&nbsp;&nbsp;&nbsp;&nbsp;&nbsp;&nbsp;&nbsp;&nbsp;&nbsp;&nbsp;&nbsp;&nbsp;&nbsp;&nbsp;&nbsp;&nbsp;&nbsp;&nbsp;&nbsp;&nbsp;&nbsp;&nbsp;&nbsp;&nbsp;&nbsp;&nbsp;&nbsp;&nbsp;&nbsp;&nbsp;&nbsp;&nbsp;&nbsp;&nbsp;&nbsp;&nbsp;&nbsp;&nbsp;&nbsp;&nbsp;&nbsp;&nbsp;&nbsp;&nbsp;&nbsp;&nbsp;&nbsp;&nbsp;&nbsp;&nbsp;&nbsp;&nbsp;&nbsp;&nbsp;&nbsp;&nbsp;&nbsp;&nbsp;&nbsp;&nbsp;&nbsp;&nbsp;&nbsp;&nbsp;&nbsp;&nbsp;&nbsp;&nbsp;&nbsp;&nbsp;&nbsp;&nbsp;&nbsp;&nbsp;&nbsp;&nbsp;&nbsp;&nbsp;&nbsp;&nbsp;&nbsp;&nbsp;&nbsp;&nbsp;&nbsp;&nbsp;&nbsp;&nbsp;&nbsp;&nbsp;&nbsp;&nbsp;&nbsp;&nbsp;&nbsp;&nbsp;&nbsp;&nbsp;&nbsp;&nbsp;&nbsp;&nbsp;&nbsp;&nbsp;<\/p>\n\n\n\n<p>\u201eBy\u0142em numerem\u201d Historie z Auschwitz; K. Piechowski; wyd. S. Loretanek<\/p>\n\n\n\n<p>\u201eCa\u0142e \u017cycie Was szuka\u0142em \u2026. b\u0142ogos\u0142awiony Jan Pawe\u0142 II; J. Zawitkowski; wyd. S. Loretanek&nbsp;<\/p>\n\n\n\n<p>\u201eCentesimus Annus\u201d&nbsp; encyklika papie\u017ca Jana Paw\u0142a II<\/p>\n\n\n\n<p>\u201eCh\u0142opak kt\u00f3ry spotka\u0142 Jezusa. Segatashya z Kibeho\u201d ; I. Ilibagiza , S. Erwin; wyd. \u201eDuc In Altum\u201d<\/p>\n\n\n\n<p>\u201eChristus Vivit. Posynodalna Adhortacja Apostolska. Do m\u0142odych i ca\u0142ego Ludu Bo\u017cego\u201d ; Papie\u017c Franciszek ; wyd. m&nbsp; x 2 szt.<\/p>\n\n\n\n<p>\u201eChrystus Droga , Prawd\u0105 i \u017byciem. Pielgrzymka Ojca \u015awi\u0119tego na Ukrain\u0119&nbsp; 23-27 czerwca 2001\u201d ; Jan Pawe\u0142 II; wyd. \u201eM\u201d<\/p>\n\n\n\n<p>\u201eChwalcie \u0142\u0105ki umajone\u201d x. Tymoteusz ; wyd. \u015bw. Pawe\u0142<\/p>\n\n\n\n<p>\u201eCo Franciszek my\u015bli o \u2026 ?\u201d ; opr. K. Pytlarz; wyd. WAM<\/p>\n\n\n\n<p>\u201eCo to znaczy, ze Wierz\u0119\u201d ; B. Hanusiak; wyd. Rafael<\/p>\n\n\n\n<p>\u201eCo za przewr\u00f3t. Przewodnik po spowiedzi dla m\u0142odzie\u017cy\u201d ; A. Cattaneo, E. Coviello ; wyd. \u015bw. Stanis\u0142awa<\/p>\n\n\n\n<p>\u201eCuda i \u0142aski Kr\u00f3lowej R\u00f3\u017ca\u0144ca \u015awi\u0119tego w Pompejach\u201d; Bartolo Longo; ; wyd. Rosemaria<\/p>\n\n\n\n<p>\u201eCuda i \u0142aski zdzia\u0142ane za przyczyn\u0105 Jasnog\u00f3rskiej Matki Bo\u017cej. Dawniej i dzi\u015b\u201d&nbsp;&nbsp;&nbsp;&nbsp;&nbsp;&nbsp;&nbsp;&nbsp;&nbsp;&nbsp;&nbsp;&nbsp;&nbsp;&nbsp;&nbsp;&nbsp;&nbsp;&nbsp; wyd. Paulinianum<\/p>\n\n\n\n<p>\u201eCud Guadelupe. Tajemnica wizerunku Maryi nienamalowanego ludzk\u0105 r\u0119k\u0105\u201d ; M. Balon; wyd. Rafael &nbsp;<\/p>\n\n\n\n<p>\u201eCuda Ojca Pio\u201d ; R. Allegri; wyd. WAM<\/p>\n\n\n\n<p>\u201e Cukiernia Pod Amorem\u201d cz. I-&nbsp; Zajezierscy ; M. Gutowska \u2013 Adamczyk&nbsp;&nbsp; \u201eCukiernia Pod Amorem\u201d&nbsp; cz. II \u2013 Cie\u015blakowie ; M. Gutowska \u2013 Adamczyk&nbsp;&nbsp; \u201eCukiernia Pod Amorem\u201d cz. III \u2013 Hryciowie ; M. Gutowska \u2013 Adamczyk<\/p>\n\n\n\n<p>\u201e Czas dojrzewania. Rozmowa z arcybiskupem Pragi\u201d ;&nbsp;&nbsp; M. Vlk; wyd. Verbinum<\/p>\n\n\n\n<p>\u201eCz\u0142owiek XX wieku \u015bw. Maksymilian Kolbe\u201d cz. 1 ; W. Klus; wyd. Niepokalan\u00f3w<\/p>\n\n\n\n<p>\u201e40 Lat pod krzy\u017cem. Siostra R\u00f3\u017ca Wanda Niew\u0119g\u0142owska\u201d&nbsp; red. C. Napi\u00f3rkowski, F. Grabowiec; wyd. O. Franciszkan\u00f3w&nbsp;&nbsp;&nbsp;<\/p>\n\n\n\n<p>&nbsp;\u201eCzyni\u0107 wszystko w mi\u0142o\u015bci\u201d ; S. Papczy\u0144ski; wyd. Marian\u00f3w &nbsp;<\/p>\n\n\n\n<p>\u201e Czy rozumiem liturgie Ko\u015bcio\u0142a? Miniprzewodnik po znakach i symbolach w liturgii\u201d ; Z. Wit; wyd. \u015bwi\u0119ty Pawe\u0142 &nbsp;&nbsp;<\/p>\n\n\n\n<p>\u201eCzystego serca\u201d ; R. Cantalamessa; wyd. S. Loretanek<\/p>\n\n\n\n<p>\u201eCzy\u015bciec. Czy jest i dla kogo?\u201d ; Z. Kijas; wyd. M&nbsp;&nbsp;&nbsp;&nbsp;&nbsp;<\/p>\n\n\n\n<p>\u201eCzyta\u0107 Bibli\u0119 ale jak?\u201d ; J. Kramer; wyd. Lublin<\/p>\n\n\n\n<p>\u201eDar kontemplacji i rozeznania\u201d ; R. Faricy; wyd. O. Marian\u00f3w<\/p>\n\n\n\n<p>\u201eDar pokoju\u201d J. Bernardin; wyd. WAM<\/p>\n\n\n\n<p>&nbsp;\u201eDlaczego mnie opu\u015bci\u0142e\u015b \u2013 cierpienie w \u015bwietle duchowo\u015bci chrze\u015bcija\u0144skiej\u201d ; Ch. Lubich; wyd. Fundacja Mariapoli<\/p>\n\n\n\n<p>\u201eDla rodziny wyzwoli\u0107 si\u0142y dobra\u201d ; J. Suaudeau; wyd. S. Loretanek<\/p>\n\n\n\n<p>\u201eD\u0142o\u0144 Boga\u201d ; Bernard N. ; wyd. WAM&nbsp;&nbsp;&nbsp;&nbsp;&nbsp;&nbsp;&nbsp;&nbsp;&nbsp;&nbsp;&nbsp;&nbsp;&nbsp;&nbsp;&nbsp;&nbsp;&nbsp;&nbsp;&nbsp;&nbsp;&nbsp;&nbsp;&nbsp;&nbsp;&nbsp;&nbsp;&nbsp;&nbsp;&nbsp;&nbsp;&nbsp;&nbsp;&nbsp;&nbsp;&nbsp;&nbsp;&nbsp;&nbsp;&nbsp;&nbsp;&nbsp;&nbsp;&nbsp;&nbsp;&nbsp;&nbsp;&nbsp;&nbsp;&nbsp;&nbsp;&nbsp;&nbsp;&nbsp;&nbsp;&nbsp;&nbsp;&nbsp;&nbsp;&nbsp;&nbsp;&nbsp;&nbsp;&nbsp;&nbsp;&nbsp;&nbsp;&nbsp;&nbsp;&nbsp;&nbsp;&nbsp;&nbsp;&nbsp;&nbsp;&nbsp;&nbsp;&nbsp;&nbsp;&nbsp;&nbsp;&nbsp;&nbsp;&nbsp;&nbsp;&nbsp;&nbsp;&nbsp;&nbsp;&nbsp;&nbsp;&nbsp;&nbsp;&nbsp;&nbsp;&nbsp;&nbsp;&nbsp;&nbsp;&nbsp;&nbsp;&nbsp;&nbsp;&nbsp;&nbsp;&nbsp;&nbsp;&nbsp;&nbsp;&nbsp;&nbsp;&nbsp;&nbsp;&nbsp;&nbsp;&nbsp;&nbsp;&nbsp;&nbsp;&nbsp;&nbsp;&nbsp;&nbsp;&nbsp;&nbsp;&nbsp;&nbsp;&nbsp;&nbsp;&nbsp;&nbsp;&nbsp;&nbsp;<\/p>\n\n\n\n<p>\u201eDo chorych i cierpi\u0105cych\u201d Jan Pawe\u0142 II; wyd. M<\/p>\n\n\n\n<p>\u201eDomowe rekolekcje z Janem Paw\u0142em II\u201d ; wyd. M<\/p>\n\n\n\n<p>\u201eDorastanie do mi\u0142o\u015bci\u201d ; H. \u0141uczka; wyd. Salezja\u0144skie &nbsp;&nbsp;&nbsp;&nbsp;&nbsp;&nbsp;&nbsp;&nbsp;<\/p>\n\n\n\n<p>\u201eDroga krzy\u017cowa wsp\u00f3\u0142czesnego cz\u0142owieka- rozwa\u017cania\u201d ; R. Winiarski; wyd. Polihymnia&nbsp;&nbsp; x 2 szt.<\/p>\n\n\n\n<p>\u201eDroga krzy\u017cowa z Chrystusem Frasobliwym\u201d ; P. Maci\u0105g; wyd. Polihymnia&nbsp;&nbsp;&nbsp;&nbsp;<\/p>\n\n\n\n<p>\u201eDroga mi\u0142o\u015bci- duchowo\u015b\u0107 dla \u015bwieckich w dzisiejszym \u015bwiecie\u201d ; Marie -Benoite Angot&nbsp;<\/p>\n\n\n\n<p>\u201eDuchowo\u015b\u0107 ma\u0142\u017ce\u0144ska\u201d; T. Goffi; wyd. WAM&nbsp;&nbsp;&nbsp;&nbsp;&nbsp;&nbsp;&nbsp;&nbsp;&nbsp;&nbsp;&nbsp;&nbsp;&nbsp;&nbsp;&nbsp;&nbsp;&nbsp;&nbsp;&nbsp;&nbsp;&nbsp;&nbsp;&nbsp;&nbsp;&nbsp;&nbsp;&nbsp;&nbsp;&nbsp;&nbsp;&nbsp;&nbsp;&nbsp;&nbsp;&nbsp;&nbsp;&nbsp;&nbsp;&nbsp;&nbsp;&nbsp;&nbsp;&nbsp;&nbsp;&nbsp;&nbsp;&nbsp;&nbsp;&nbsp;&nbsp;&nbsp;&nbsp;&nbsp;&nbsp;&nbsp;<\/p>\n\n\n\n<p>\u201eDzieje Apostolskie\u201d wyd. Niedziela<\/p>\n\n\n\n<p>\u201e dzieje duszy\u201d \u015bw. Teresa od Dzieci\u0105tka Jezus; wyd. Karmelit\u00f3w Bosych<\/p>\n\n\n\n<p>\u201eDzieje Przymierza\u201d . Biblia dla m\u0142odzie\u017cy ; wyd. PAX&nbsp;&nbsp;&nbsp;&nbsp;&nbsp;&nbsp;&nbsp;&nbsp;&nbsp;&nbsp;&nbsp;&nbsp;&nbsp;&nbsp;&nbsp;&nbsp;&nbsp;&nbsp;&nbsp;&nbsp;&nbsp;&nbsp;&nbsp;&nbsp;&nbsp;&nbsp;&nbsp;&nbsp;&nbsp;&nbsp;&nbsp;&nbsp;&nbsp;&nbsp;&nbsp;&nbsp;&nbsp;&nbsp;&nbsp;&nbsp;&nbsp;&nbsp;&nbsp;&nbsp;&nbsp;&nbsp;&nbsp;&nbsp;&nbsp;&nbsp;&nbsp;&nbsp;&nbsp;&nbsp;&nbsp;&nbsp;<\/p>\n\n\n\n<p>\u201eDziennik duchowy\u201d ; B\u0142ogos\u0142awiony Jerzy Matulewicz ; wyd. Marian\u00f3w<\/p>\n\n\n\n<p>\u201eDziesi\u0119\u0107 s\u0142\u00f3w Boga\u201d ; Jan Pawe\u0142 II; wyd. S. Loretanek &nbsp;&nbsp;&nbsp;&nbsp;x 2 szt. &nbsp;&nbsp;&nbsp;&nbsp;&nbsp;&nbsp;&nbsp;&nbsp;&nbsp;&nbsp;&nbsp;&nbsp;&nbsp;&nbsp;&nbsp;&nbsp;&nbsp;&nbsp;&nbsp;&nbsp;&nbsp;&nbsp;&nbsp;&nbsp;&nbsp;&nbsp;&nbsp;&nbsp;&nbsp;&nbsp;&nbsp;&nbsp;&nbsp;&nbsp;&nbsp;&nbsp;&nbsp;&nbsp;&nbsp;&nbsp;&nbsp;&nbsp;&nbsp;&nbsp;&nbsp;&nbsp;&nbsp;&nbsp;&nbsp;&nbsp;&nbsp;&nbsp;&nbsp;&nbsp;&nbsp;&nbsp;&nbsp;&nbsp;&nbsp;&nbsp;&nbsp;&nbsp;&nbsp;&nbsp;&nbsp;&nbsp;&nbsp;&nbsp;&nbsp;&nbsp;&nbsp;&nbsp;&nbsp;&nbsp;&nbsp;&nbsp;<\/p>\n\n\n\n<p>\u201eDzi\u0119ki , Ojcze Werenfriedzie! Listy do Ojca S\u0142oniny\u201d ; Eva Maria Kolmann; wyd. Pomoc Ko\u015bcio\u0142owi w Potrzebie;&nbsp;<\/p>\n\n\n\n<p>\u201eEucharystia. Sakrament mi\u0142o\u015bci i mi\u0142osierdzia\u201d ; M. Sopo\u0107ko; wyd. \u015bw. Pawe\u0142&nbsp;&nbsp;&nbsp;&nbsp;&nbsp;&nbsp;&nbsp;&nbsp;&nbsp;&nbsp;&nbsp;&nbsp;&nbsp;&nbsp;&nbsp;<\/p>\n\n\n\n<p>\u201eEwangelia dla moich dzieci\u201d ; D. Robs; wyd. Wroc\u0142aw<\/p>\n\n\n\n<p>\u201eEwangelia wed\u0142ug \u015bw. Marka\u201d wyd. Niedziela<\/p>\n\n\n\n<p>\u201eEwangelia wed\u0142ug \u015bw. Mateusza \u201d wyd. Niedziela<\/p>\n\n\n\n<p>\u201eEwangelia wed\u0142ug \u015bw. \u0141ukasza\u201d wyd. Niedziela<\/p>\n\n\n\n<p>\u201eFatima: ; I. Felici; wyd. Ksi\u0119\u017cy Marian\u00f3w&nbsp;<\/p>\n\n\n\n<p>\u201eFatima. Historia objawie\u0144, kt\u00f3re zmieni\u0142y \u015bwiat\u201d ; A. Murza\u0144ska wyd. Rafael<\/p>\n\n\n\n<p>\u201eFatima, Ko\u015bci\u00f3\u0142 i Trzecie Tysi\u0105clecie\u201d&nbsp; ; W. \u0141aszewski; wyd. S. Loretanek&nbsp;<\/p>\n\n\n\n<p>\u201eFatima or\u0119dzie tragedii czy nadziei\u201d ; A. Borelli; wyd. Instytut im. Piotra Skargi&nbsp;&nbsp;&nbsp; rok 2004 &nbsp;&nbsp;&nbsp;<\/p>\n\n\n\n<p>\u201eFatima . \u015awiat\u0142o dla \u015bwiata\u201d;&nbsp; A. Sorg ; wyd. Pallottinum<\/p>\n\n\n\n<p>\u201eFireproof. Pr\u00f3ba Ogniowa\u201d ; e. Wilson; wyd. Rafael<\/p>\n\n\n\n<p>\u201eFranciszek. \u017bycie i rewolucja \u2013 Biografia\u201d ; E. Pique; wyd. Znak<\/p>\n\n\n\n<p>\u201eGaudete et Exsultate\u201d Adhoracja apostolska papie\u017ca Franciszka O powo\u0142aniu do \u015bwi\u0119to\u015bci&nbsp; w \u015bwiecie wsp\u00f3\u0142czesnym<\/p>\n\n\n\n<p>\u201eGdzie budzi si\u0119 \u017cycie. Rozmowy o rodzinie\u201d Chiara Lubich; wyd. S. Loretanek&nbsp;&nbsp;<\/p>\n\n\n\n<p>\u201eG\u0142o\u015bcie Ewangeli\u0119\u201d ; L. Mycielski; wyd. Benedyktyn\u00f3w<\/p>\n\n\n\n<p>\u201eFranciszek\u201d ; F. Timmermans ; wyd. S. Loretanek&nbsp;&nbsp;&nbsp;&nbsp;&nbsp;&nbsp;&nbsp;&nbsp;&nbsp;&nbsp;&nbsp;&nbsp;&nbsp;&nbsp;&nbsp;&nbsp;&nbsp;&nbsp;&nbsp;&nbsp;&nbsp;&nbsp;&nbsp;&nbsp;&nbsp;&nbsp;&nbsp;&nbsp;&nbsp;&nbsp;&nbsp;&nbsp;&nbsp;&nbsp;&nbsp;&nbsp;&nbsp;&nbsp;&nbsp;&nbsp;&nbsp;&nbsp;&nbsp;&nbsp;&nbsp;&nbsp;&nbsp;&nbsp;&nbsp;&nbsp;&nbsp;&nbsp;&nbsp;&nbsp;<\/p>\n\n\n\n<p>\u201eGo\u015b\u0107 w dom\u201d ; M. Mali\u0144ski; wyd. Calvarianum<\/p>\n\n\n\n<p>\u201eHanka Mi\u0142o\u015b\u0107&nbsp; Polityka\u201d ; P. Bo\u017cyk &nbsp;&nbsp;&nbsp;&nbsp;&nbsp;&nbsp;&nbsp;&nbsp;&nbsp;&nbsp;&nbsp;&nbsp;&nbsp;&nbsp;&nbsp;&nbsp;&nbsp;&nbsp;&nbsp;&nbsp;&nbsp;&nbsp;&nbsp;&nbsp;&nbsp;&nbsp;&nbsp;&nbsp;&nbsp;&nbsp;&nbsp;&nbsp;&nbsp;&nbsp;&nbsp;&nbsp;&nbsp;&nbsp;&nbsp;&nbsp;&nbsp;&nbsp;&nbsp;&nbsp;&nbsp;&nbsp;&nbsp;&nbsp;&nbsp;&nbsp;&nbsp;&nbsp;&nbsp;&nbsp;&nbsp;&nbsp;&nbsp;&nbsp;&nbsp;&nbsp;&nbsp;&nbsp;&nbsp;&nbsp;\u201eHumor \u015bwi\u0119tych. Historie i anegdoty\u201d wyb\u00f3r H. Bejda; wyd. Rafael<\/p>\n\n\n\n<p>\u201eIdzie , idzie B\u00f3g prawdziwy\u201d ; Kard. J. Glemp ; kazania w uroczysto\u015b\u0107 Bo\u017cego Cia\u0142a 1982-1994; wyd. Archidiecezji warszawskiej&nbsp;&nbsp;<\/p>\n\n\n\n<p>\u201eInuk. Misje na kra\u0144cu \u015bwiata\u201d ; R. Buliard; wyd. misjonarzy Oblat\u00f3w &nbsp;&nbsp;<\/p>\n\n\n\n<p>\u201eIstnieje inny \u015bwiat\u201d; A. Frossard; wyd. Wroc\u0142aw&nbsp;&nbsp;&nbsp;&nbsp;&nbsp;&nbsp;&nbsp;&nbsp;&nbsp;&nbsp;&nbsp;&nbsp;&nbsp;&nbsp;&nbsp;&nbsp;&nbsp;&nbsp;&nbsp;&nbsp;&nbsp;&nbsp;&nbsp;&nbsp;&nbsp;&nbsp;&nbsp;&nbsp;&nbsp;&nbsp;&nbsp;&nbsp;&nbsp;&nbsp;&nbsp;&nbsp;&nbsp;&nbsp;&nbsp;&nbsp;&nbsp;&nbsp;&nbsp;&nbsp;&nbsp;&nbsp;&nbsp;&nbsp;&nbsp;&nbsp;&nbsp;&nbsp;&nbsp;&nbsp;&nbsp;&nbsp;&nbsp;&nbsp;&nbsp;<\/p>\n\n\n\n<p>\u201eJakub walcz\u0105cy z Bogiem\u201d; T. Hudler; wyd. \u201em\u201d&nbsp;&nbsp;&nbsp;&nbsp;&nbsp;&nbsp;&nbsp;&nbsp;&nbsp;&nbsp;&nbsp;&nbsp;&nbsp;&nbsp;&nbsp;&nbsp;&nbsp;&nbsp;&nbsp;&nbsp;&nbsp;&nbsp;&nbsp;&nbsp;&nbsp;&nbsp;&nbsp;&nbsp;&nbsp;&nbsp;&nbsp;&nbsp;&nbsp;&nbsp;&nbsp;&nbsp;&nbsp;&nbsp;&nbsp;&nbsp;&nbsp;&nbsp;&nbsp;&nbsp;&nbsp;&nbsp;&nbsp;&nbsp;&nbsp;&nbsp;&nbsp;&nbsp;&nbsp;&nbsp;&nbsp;&nbsp;&nbsp;&nbsp;&nbsp;&nbsp;&nbsp;&nbsp;&nbsp;&nbsp;&nbsp;&nbsp;&nbsp;&nbsp;&nbsp;&nbsp;&nbsp;&nbsp;&nbsp;&nbsp;&nbsp;&nbsp;&nbsp;&nbsp;&nbsp;&nbsp;&nbsp;&nbsp;&nbsp;&nbsp;&nbsp;&nbsp;&nbsp;&nbsp;&nbsp;&nbsp;&nbsp;&nbsp;&nbsp;&nbsp;&nbsp;&nbsp;&nbsp;&nbsp;&nbsp;&nbsp;&nbsp;&nbsp;&nbsp;&nbsp;&nbsp;&nbsp;&nbsp;&nbsp;&nbsp;&nbsp;&nbsp;&nbsp;&nbsp;&nbsp;&nbsp;&nbsp;&nbsp;&nbsp;&nbsp;&nbsp;&nbsp;&nbsp;&nbsp;&nbsp;&nbsp;&nbsp;&nbsp;<\/p>\n\n\n\n<p>\u201eJasna G\u00f3ra\u201d ; Z. Bania, S. Kobielus; wyd. Pax<\/p>\n\n\n\n<p>\u201eJesie\u0144 Don Camilla\u201d ; Guareschi ; wyd. Palabra &nbsp;<\/p>\n\n\n\n<p>\u201eJestem z wami\u201d Jan Pawe\u0142 II ; wyb\u00f3r P. Zuchniewicz; wyd. POLWEN<\/p>\n\n\n\n<p>\u201e Jestem z Wami 8-14 czerwca 1987 \u201d ; Jan Pawe\u0142 II&nbsp;&nbsp;<\/p>\n\n\n\n<p>\u201eJezu ufam Tobie\u201d ; wyd. Niedziela<\/p>\n\n\n\n<p>&nbsp;\u201eJ\u00f3zef z Kupertynu. \u015awi\u0119ty patron student\u00f3w\u201d; G. Parisciani; w. Niepokalan\u00f3w&nbsp;&nbsp;<\/p>\n\n\n\n<p>\u201eKarol Wojty\u0142a. Opowie\u015b\u0107 o \u015bwi\u0119to\u015bci\u201d; J.A. Fr\u0119\u015b; wyd. Videograf<\/p>\n\n\n\n<p>\u201eKatolickie pytania katolickie odpowiedzi\u201d; K. Ryan; wyd. KDC&nbsp;&nbsp;&nbsp;&nbsp;&nbsp;&nbsp;&nbsp;&nbsp;&nbsp;&nbsp;&nbsp;&nbsp;&nbsp;&nbsp;&nbsp;&nbsp;&nbsp;&nbsp;&nbsp;&nbsp;&nbsp;&nbsp;&nbsp;&nbsp;&nbsp;&nbsp;&nbsp;&nbsp;&nbsp;&nbsp;&nbsp;&nbsp;&nbsp;&nbsp;&nbsp;&nbsp;&nbsp;&nbsp;&nbsp;&nbsp;&nbsp;&nbsp;&nbsp;&nbsp;&nbsp;&nbsp;&nbsp;&nbsp;&nbsp;&nbsp;&nbsp;&nbsp;&nbsp;<\/p>\n\n\n\n<p>&nbsp;\u201eKiedy B\u00f3g wo\u0142a\u201d ; T. Barokova; wyd. Wroc\u0142aw&nbsp;&nbsp;&nbsp;&nbsp;&nbsp;&nbsp;&nbsp;&nbsp;&nbsp;&nbsp;&nbsp;&nbsp;&nbsp;&nbsp;&nbsp;&nbsp;&nbsp;&nbsp;&nbsp;&nbsp;&nbsp;&nbsp;&nbsp;&nbsp;&nbsp;&nbsp;&nbsp;&nbsp; &nbsp;&nbsp;&nbsp;&nbsp;&nbsp;&nbsp;&nbsp;&nbsp;&nbsp;&nbsp;&nbsp;&nbsp;&nbsp;&nbsp;&nbsp;&nbsp;&nbsp;&nbsp;&nbsp;&nbsp;&nbsp;&nbsp;&nbsp;&nbsp;&nbsp;&nbsp;&nbsp;&nbsp;&nbsp;&nbsp;&nbsp;&nbsp;<\/p>\n\n\n\n<p>\u201eKiedy ranne wstaj\u0105 zorze. Medytacje i rozwa\u017cania\u201d ; A. Seve ; wyd. M &nbsp;&nbsp;&nbsp;&nbsp;&nbsp;&nbsp;&nbsp;&nbsp;&nbsp;&nbsp;&nbsp;&nbsp;&nbsp;&nbsp;&nbsp;&nbsp;&nbsp;&nbsp;&nbsp;&nbsp;&nbsp;&nbsp;x 2 szt,&nbsp;<\/p>\n\n\n\n<p>\u201eKim jeste\u015b o Niepokalana?\u201d Wyb\u00f3r tekst\u00f3w o Niepokalanym Pocz\u0119ciu drukowanych w Rycerzu Niepokalanej w latach 1922-2002; zebra\u0142&nbsp; M. Adaszkiewicz; wyd. O. Franciszkan\u00f3w<\/p>\n\n\n\n<p>\u201eKim On jest. Katechizm Ko\u015bcio\u0142a katolickiego o wierze\u201d ; J. Sermak; wyd. WAM<\/p>\n\n\n\n<p>\u201eKocham Ci\u0119, Ojcze. Modlitwa Jezusa- modlitw\u0105 Ko\u015bcio\u0142a\u201d ; M. Nowak; wyd. Palabra&nbsp;<\/p>\n\n\n\n<p>\u201eKowal Bo\u017cy\u201d ; Breton; wyd. Oblat\u00f3w&nbsp;&nbsp;&nbsp;&nbsp;&nbsp;&nbsp;&nbsp;&nbsp;&nbsp; &nbsp;&nbsp;&nbsp;&nbsp;&nbsp;&nbsp;&nbsp;&nbsp;&nbsp;&nbsp;&nbsp;&nbsp;&nbsp;&nbsp;&nbsp;&nbsp;&nbsp;&nbsp;&nbsp;&nbsp;&nbsp;&nbsp;&nbsp;&nbsp;&nbsp;&nbsp;&nbsp;&nbsp;&nbsp;&nbsp;&nbsp;&nbsp;&nbsp;&nbsp;&nbsp;&nbsp;&nbsp;&nbsp;&nbsp;&nbsp;&nbsp;&nbsp;&nbsp;&nbsp;&nbsp;&nbsp;&nbsp;&nbsp;&nbsp;&nbsp;&nbsp;&nbsp;&nbsp;&nbsp;&nbsp;&nbsp;&nbsp;&nbsp;&nbsp;&nbsp;&nbsp;&nbsp;&nbsp;&nbsp;<\/p>\n\n\n\n<p>\u201eK\u00f3\u0142ka na wodzie. Kr\u00f3tkie opowiadania dla ducha\u201d; B. Ferrero; wyd. Salezja\u0144skie&nbsp;&nbsp; &nbsp;<\/p>\n\n\n\n<p>\u201eKronika pielgrzymki do ziemi \u015awi\u0119tej\u201d ; E. Maciejewska; wyd. S. Loretanek&nbsp;<\/p>\n\n\n\n<p>\u201eKsi\u0105dz Jerzy Popie\u0142uszko\u201d ; wyd. Biblioteka Niedzieli<\/p>\n\n\n\n<p>\u201eKsi\u0105dz Jerzy Popie\u0142uszko. M\u0119czennik za wiar\u0119 i Ojczyzn\u0119\u201d cz. I; P.Raina; wyd. warmi\u0144skie<\/p>\n\n\n\n<p>\u201eKsi\u0105dz nie zostaje sam\u201d ; L. Bielerzewski ; wyd.. \u015bw. Wojciecha<\/p>\n\n\n\n<p>\u201eKsi\u0119ga objawie\u0144 maryjnych od I do XX wieku\u201d ; G.Hierzenberger, O. Nedomansky ; wyd. \u201eAdam\u201d&nbsp;&nbsp;&nbsp;&nbsp;&nbsp;&nbsp;&nbsp;&nbsp;&nbsp;&nbsp;&nbsp;&nbsp;&nbsp;&nbsp;&nbsp;&nbsp;&nbsp;&nbsp;&nbsp;&nbsp;&nbsp;&nbsp;&nbsp;&nbsp;&nbsp;&nbsp;&nbsp;&nbsp;&nbsp;&nbsp;&nbsp;&nbsp;&nbsp;&nbsp;&nbsp;&nbsp;&nbsp;&nbsp;&nbsp;&nbsp;&nbsp;&nbsp;&nbsp;&nbsp;&nbsp;&nbsp;&nbsp;&nbsp;&nbsp;&nbsp;&nbsp;&nbsp;&nbsp;&nbsp;&nbsp;&nbsp;&nbsp;&nbsp;&nbsp;&nbsp;&nbsp;&nbsp;&nbsp;&nbsp;&nbsp;&nbsp;&nbsp;&nbsp;&nbsp;&nbsp;&nbsp;&nbsp;&nbsp;&nbsp;&nbsp;&nbsp;&nbsp;&nbsp;&nbsp;&nbsp;&nbsp;&nbsp;&nbsp;&nbsp;&nbsp;&nbsp;&nbsp;&nbsp;&nbsp;&nbsp;&nbsp;&nbsp;&nbsp;&nbsp;&nbsp;&nbsp;&nbsp;&nbsp;&nbsp;&nbsp;&nbsp;&nbsp;&nbsp;&nbsp;&nbsp;&nbsp;&nbsp;&nbsp;&nbsp;&nbsp;&nbsp;&nbsp;&nbsp;&nbsp;&nbsp;<\/p>\n\n\n\n<p>\u201eKsi\u0119ga Psalm\u00f3w\u201d ; t\u0142um. Cz. Mi\u0142osz; wyd. Editions du Dialogue<\/p>\n\n\n\n<p>\u201eKto szuka prawdy szuka Boga\u201d ; M. J\u0119draszewski; wyd. M<\/p>\n\n\n\n<p>\u201eKwiatki b\u0142ogos\u0142awionego Jana Paw\u0142a II\u201d ; opr. J. Poniewierski; wyd. Znak&nbsp;<\/p>\n\n\n\n<p>\u201eKwiatki Chiary Lubich i Ruchu Focolari\u201d ; rd. D. Zamboni; wyd. \u015bw. Pawe\u0142<\/p>\n\n\n\n<p>\u201eKwiatki papie\u017ca Franciszka\u201d ; kard. Jorge Mario Bergoglio; wyd. M<\/p>\n\n\n\n<p>\u201eLato don Camilla\u201d&nbsp; ; Guareschi; wyd. alabra<\/p>\n\n\n\n<p>\u201eLiche\u0144. Liche\u0144ska Bazylika\u201d \u2013 przewodnik;<\/p>\n\n\n\n<p>\u201eListy narzeczonej\u201d; L. Vincenzi; wyd. Marian\u00f3w&nbsp;&nbsp;&nbsp;&nbsp;&nbsp;&nbsp;&nbsp;&nbsp;&nbsp;&nbsp;&nbsp;&nbsp;&nbsp;&nbsp;&nbsp;&nbsp;&nbsp;&nbsp;&nbsp;&nbsp;&nbsp;&nbsp;&nbsp;&nbsp;&nbsp;&nbsp;&nbsp;&nbsp;&nbsp;&nbsp;&nbsp;&nbsp;&nbsp;&nbsp;&nbsp;&nbsp;&nbsp;&nbsp;&nbsp;&nbsp;&nbsp;&nbsp;&nbsp;&nbsp;&nbsp;&nbsp;&nbsp;&nbsp;&nbsp;&nbsp; &nbsp;&nbsp;&nbsp;&nbsp;&nbsp;&nbsp;&nbsp;&nbsp;&nbsp;&nbsp;&nbsp;&nbsp;&nbsp;&nbsp;&nbsp;&nbsp;&nbsp;&nbsp;&nbsp;&nbsp;&nbsp;&nbsp;&nbsp;&nbsp;&nbsp;&nbsp;&nbsp;&nbsp;&nbsp;&nbsp;&nbsp;&nbsp;&nbsp;&nbsp;&nbsp;&nbsp;&nbsp;&nbsp;&nbsp;&nbsp;&nbsp;<\/p>\n\n\n\n<p>\u201eListy z Medziugorja\u201d ; W. Weible; wyd. \u201em\u201d&nbsp; i Apostolicum&nbsp;&nbsp;&nbsp;&nbsp;&nbsp;&nbsp;&nbsp;&nbsp;&nbsp;&nbsp;&nbsp;&nbsp;&nbsp;&nbsp;&nbsp;&nbsp;&nbsp;&nbsp;&nbsp;&nbsp;&nbsp;&nbsp;&nbsp;&nbsp;&nbsp;&nbsp;&nbsp;&nbsp;&nbsp;&nbsp;&nbsp;&nbsp;&nbsp;&nbsp;&nbsp;&nbsp;&nbsp;&nbsp;&nbsp;&nbsp;&nbsp;&nbsp;&nbsp;&nbsp;&nbsp;&nbsp;&nbsp;&nbsp;&nbsp;&nbsp;&nbsp;&nbsp;&nbsp;&nbsp;&nbsp;&nbsp;&nbsp;&nbsp;&nbsp;&nbsp;&nbsp;&nbsp;&nbsp;&nbsp;&nbsp;&nbsp;&nbsp;&nbsp;&nbsp;&nbsp;&nbsp;&nbsp;&nbsp;&nbsp;&nbsp;&nbsp;&nbsp;&nbsp;&nbsp;&nbsp;&nbsp;&nbsp;&nbsp;&nbsp;&nbsp;&nbsp;&nbsp;&nbsp;&nbsp;&nbsp;&nbsp;&nbsp;&nbsp;&nbsp;&nbsp;&nbsp;&nbsp;&nbsp;&nbsp;&nbsp;&nbsp;<\/p>\n\n\n\n<p>\u201eLourdes\u201d Dar dla \u015bwiata ; M. Balon;&nbsp; Kolekcja Uczta Duchowa&nbsp;&nbsp;&nbsp;&nbsp;&nbsp;&nbsp;&nbsp;&nbsp;&nbsp;&nbsp;&nbsp;&nbsp;&nbsp;&nbsp;&nbsp;&nbsp;&nbsp;&nbsp;&nbsp;&nbsp;&nbsp;&nbsp;&nbsp;&nbsp;&nbsp;&nbsp;&nbsp;&nbsp;&nbsp;&nbsp;&nbsp;&nbsp;&nbsp;&nbsp;&nbsp;&nbsp;&nbsp;&nbsp;&nbsp;&nbsp;&nbsp;&nbsp;&nbsp;&nbsp;&nbsp;&nbsp;&nbsp;&nbsp;&nbsp;&nbsp;&nbsp;&nbsp;&nbsp;&nbsp;&nbsp;&nbsp;&nbsp;&nbsp;&nbsp;&nbsp;<\/p>\n\n\n\n<p>\u201e Ludzie Lasek\u201d ; opr. T. Mazowiecki ; wyd. \u201eWi\u0119zi\u201d<\/p>\n\n\n\n<p>\u201eLudzie w czasach Jezusa\u201d ; Sz. Ho\u0142ownia<\/p>\n\n\n\n<p>\u201eMacierzy\u0144ska mi\u0142o\u015b\u0107 \u017cycia\u201d Teksty o Stanis\u0142awie Leszczy\u0144skiej<\/p>\n\n\n\n<p>\u201eMa\u0142gorzata Naseau\u201d ; P.&nbsp; Goncalves&nbsp;<\/p>\n\n\n\n<p>\u201eMa\u0142y s\u0142ownik liturgiczny\u201d ; R. Berger; wyd. W drodze<\/p>\n\n\n\n<p>\u201eMaryja. Matka pojednania\u201d; matka Teresa z Kalkuty ; brat Roger; wyd. \u015bw. Jacka<\/p>\n\n\n\n<p>\u201eMarta Robin. Mistyczka Wizjonerka Stygmatyczka\u201d ; J. Guitton ; wyd. Regina Poloniae&nbsp;<\/p>\n\n\n\n<p>\u201eMatka Klara Szcz\u0119sna\u201d Wsp\u00f3\u0142za\u0142o\u017cycielka Zgromadzenia S\u0142u\u017cebnic NS. Jezusowego; C. Niezgoda; wyd. \u015bw. Stanis\u0142awa&nbsp;&nbsp;&nbsp;&nbsp;<\/p>\n\n\n\n<p>\u201eMatka papie\u017ca\u201d ; M. Kindziuk; wyd. Znak &nbsp;&nbsp;&nbsp;&nbsp;&nbsp;&nbsp;&nbsp;&nbsp;&nbsp;&nbsp;&nbsp;&nbsp;&nbsp;&nbsp;&nbsp;&nbsp;&nbsp;&nbsp;&nbsp;&nbsp;&nbsp;&nbsp;&nbsp;&nbsp;&nbsp;&nbsp;&nbsp;&nbsp;&nbsp;&nbsp;&nbsp;&nbsp;&nbsp;&nbsp;&nbsp;&nbsp;&nbsp;&nbsp;&nbsp;&nbsp;&nbsp;&nbsp;&nbsp;&nbsp;&nbsp;&nbsp;&nbsp;&nbsp;&nbsp;&nbsp;&nbsp;&nbsp;&nbsp;&nbsp;&nbsp;&nbsp;&nbsp;&nbsp;&nbsp;&nbsp;&nbsp;&nbsp;&nbsp;&nbsp;&nbsp;&nbsp;&nbsp;&nbsp;&nbsp;&nbsp;&nbsp;&nbsp;&nbsp;&nbsp;&nbsp;<\/p>\n\n\n\n<p>\u201eMatka ubogich. Rozmowa z Matk\u0105 Teres\u0105 z Kalkuty\u201d ; R. Allegri; wyd. WAM&nbsp;<\/p>\n\n\n\n<p>\u201eMatki na rany Chrystusa wychowajcie dzieci w czysto\u015bci\u201d ; B. Kryszkiewicz ;&nbsp; wyd. WAM<\/p>\n\n\n\n<p>\u201eMedjugorie. Cudowne uzdrowienia i nawr\u00f3cenia\u201d; opr. R. Ukleja;&nbsp; wyd. Salezja\u0144skie&nbsp;&nbsp;&nbsp;&nbsp;&nbsp;&nbsp;&nbsp;&nbsp;&nbsp;&nbsp;&nbsp;&nbsp;&nbsp;&nbsp;&nbsp;&nbsp;&nbsp;&nbsp;&nbsp;&nbsp;&nbsp;&nbsp;<\/p>\n\n\n\n<p>\u201eMedytacje pasyjne\u201d; \u015bw. A. M. Liguori&nbsp;<\/p>\n\n\n\n<p>\u201eM\u0119ka Jezusa Chrystusa\u201d ; wyd. Biblioteka Niedzieli<\/p>\n\n\n\n<p>\u201eMiejsce dla ka\u017cdego. Opowie\u015b\u0107 o \u015bwi\u0119to\u015bci Jana Paw\u0142a II\u201d; M. Mokrzycki,&nbsp;&nbsp;&nbsp;&nbsp;&nbsp;&nbsp;&nbsp;&nbsp;&nbsp;&nbsp; B. Grysiak; wyd. Znak<\/p>\n\n\n\n<p>\u201eMi\u0119dzy kanap\u0105 a odwag\u0105. Wszystko co powiedzia\u0142 papie\u017c podczas \u015aDM w Krakowie\u201d ; papie\u017c Franciszek; wyd. Znak<\/p>\n\n\n\n<p>&nbsp;\u201eMilczenie i ogie\u0144\u201d Listy i zapiski; K. de Foucauld; wyd. Marian\u00f3w&nbsp;&nbsp;&nbsp;&nbsp;&nbsp;&nbsp;&nbsp;&nbsp;&nbsp;&nbsp;&nbsp;&nbsp;<\/p>\n\n\n\n<p>\u201eMi\u0142osierdzie Bo\u017ce. Lekarstwo na ca\u0142e z\u0142o\u201d ; P. Magee; wyd. KDC<\/p>\n\n\n\n<p>\u201eMi\u0142osierdzie moj\u0105 misj\u0105\u201d S. Michalenko; wyd. Ksi\u0119\u017cy Marian\u00f3w<\/p>\n\n\n\n<p>\u201eMi\u0142osierdzie to imi\u0119 Boga\u201d papie\u017c&nbsp; Franciszek w rozmowie z Andre\u0105 Torniellim; wyd. Znak&nbsp;<\/p>\n\n\n\n<p>\u201eMi\u0142osierna mi\u0142o\u015b\u0107 Jezusa. Medytacje do litanii o NSPJ\u201d ; L. Pellizzato; wyd. Jedno\u015b\u0107<\/p>\n\n\n\n<p>\u201e Mi\u0142o\u015b\u0107, kt\u00f3ra sta\u0142a si\u0119 chlebem\u201d; D. Piekarz; wyd. eSPe<\/p>\n\n\n\n<p>\u201eMiseriocordiae Vultus\u201d&nbsp; Bulla papie\u017ca Franciszka&nbsp; O nadzwyczajnym jubileuszu mi\u0142osierdzia.<\/p>\n\n\n\n<p>\u201eMisja milczenia. Praca polskich Si\u00f3str Eucharystek w Libii\u201d ; W. Alksnin; wyd. Misjonarzy Oblat\u00f3w<\/p>\n\n\n\n<p>\u201eMoc\u0105 wiary\u201d ; T. Dajczer ; wyd. Fidei<\/p>\n\n\n\n<p>\u201eMoc r\u00f3\u017ca\u0144ca \u015bwi\u0119tego\u201d \u2013 r\u00f3\u017cne formy modlitwy r\u00f3\u017ca\u0144cowej i koronki<\/p>\n\n\n\n<p>\u201eMoc uwielbienia\u201d ; M. Carothers; wyd. Misjonarzy Krwi Chrystusa&nbsp;<\/p>\n\n\n\n<p>\u201eModli\u0107 si\u0119 jak anio\u0142owie. My\u015bli i rady wybrane z pism i przem\u00f3wie\u0144 Chiary Lubich\u201d. Opr. N. Dallapiccola, E. Fondi&nbsp;&nbsp;&nbsp;<\/p>\n\n\n\n<p>\u201eModlimy si\u0119 z Chrystusem\u201d Wprowadzenie do Mszy dla dzieci. ; wyd. \u015bw. Jacka<\/p>\n\n\n\n<p>\u201eModlitwy do anio\u0142\u00f3w\u201d ; wyd. eSPe<\/p>\n\n\n\n<p>\u201eMoje prze\u017cycia z duszami czy\u015b\u0107cowymi\u201d ; M. Simma; wyd. Arka<\/p>\n\n\n\n<p>&nbsp;\u201eMotywy modlitewne\u201d ; opr. A. Bednarek; wyd. Niepokalan\u00f3w&nbsp;&nbsp;&nbsp;&nbsp;&nbsp;&nbsp;&nbsp;&nbsp;&nbsp;&nbsp;&nbsp;&nbsp;&nbsp;&nbsp;&nbsp;&nbsp;&nbsp;&nbsp;&nbsp;&nbsp;&nbsp;&nbsp;&nbsp;&nbsp;&nbsp;&nbsp;&nbsp;&nbsp;&nbsp;&nbsp;&nbsp;&nbsp;&nbsp;&nbsp;&nbsp;&nbsp;&nbsp;&nbsp;&nbsp;&nbsp;&nbsp;&nbsp;&nbsp;&nbsp;&nbsp;&nbsp;&nbsp;&nbsp;&nbsp;&nbsp;&nbsp;&nbsp;&nbsp;&nbsp;&nbsp;&nbsp;&nbsp;&nbsp;&nbsp;&nbsp;&nbsp;&nbsp;&nbsp;&nbsp;&nbsp;&nbsp;&nbsp;&nbsp;&nbsp;&nbsp;&nbsp;&nbsp;&nbsp;&nbsp;&nbsp;&nbsp;&nbsp;&nbsp;&nbsp;&nbsp;&nbsp;&nbsp;&nbsp;<\/p>\n\n\n\n<p>\u201eMy\u015bli na ka\u017cdy dzie\u0144\u201d ; \u015bw. Jan Pawe\u0142 II; wyd. \u015bw. Wojciech&nbsp;<\/p>\n\n\n\n<p>\u201eNadzieja \u015bwi\u0119tych. Jak umierali i ucz\u0105 umiera\u0107\u201d ; W. Nigg; wyd. Marian\u00f3w<\/p>\n\n\n\n<p>\u201eNajwi\u0119ksza jest mi\u0142o\u015b\u0107\u201d ; wyd. Marian\u00f3w<\/p>\n\n\n\n<p>\u201eNajwi\u0119kszy Cud. Tajemnica Eucharystii w mistycznej wizji Cataliny Rivas\u201d ; wyd. AA&nbsp;&nbsp;<\/p>\n\n\n\n<p>\u201e na placu budowy cz\u0142owieka\u201d ; K. Pawlina; wyd. S. Loretanek<\/p>\n\n\n\n<p>\u201eNa szlaku Bo\u017cym\u201d ; P. Thvollier; wyd. Pax&nbsp;<\/p>\n\n\n\n<p>\u201eNar\u00f3d tylu \u0142ez\u2026. Rozmy\u015blania o mojej Ojczy\u017anie\u201d ; P. Jaroszy\u0144ski; &nbsp;&nbsp;&nbsp;&nbsp;&nbsp;&nbsp;&nbsp;&nbsp;&nbsp;&nbsp;&nbsp;&nbsp;&nbsp;&nbsp;&nbsp;&nbsp;&nbsp;&nbsp;&nbsp;&nbsp;&nbsp;&nbsp;&nbsp;&nbsp;&nbsp;&nbsp;&nbsp;&nbsp;&nbsp;&nbsp;&nbsp;wyd. &nbsp;S. Loretanek&nbsp;&nbsp;<\/p>\n\n\n\n<p>\u201eNa samotno\u015b\u0107. Rozwa\u017cania rekolekcyjne\u201d ; D. Wider; wyd. karmelit\u00f3w Bosych<\/p>\n\n\n\n<p>&nbsp;\u201eNie b\u00f3j si\u0119 wierz tylko\u201d , J. Witko , wyd. esprit&nbsp;<\/p>\n\n\n\n<p>\u201eNieodkryty dar\u201d ; T. Dajczer; wyd. Fidei<\/p>\n\n\n\n<p>\u201eNiewiasta obleczona w s\u0142o\u0144ca. Osiem wielkich objawie\u0144 Matki Bo\u017cej w czasach wsp\u00f3\u0142czesnych\u201d&nbsp; ; praca zbiorowa&nbsp; pod red. J. J. Delaneya;<\/p>\n\n\n\n<p>\u201eObro\u0144cy Europy\u201d ; J. Mirewicz; wyd. WAM<\/p>\n\n\n\n<p>\u201eOddany. Opowie\u015b\u0107 o mi\u0142o\u015bci ojca do syna\u201d ; D. Hoyt, D. Yaeger; wyd. \u015bw. Stanis\u0142awa<\/p>\n\n\n\n<p>\u201eOdkrywanie modlitwy\u201d ; M. Laetitia ; wyd. M<\/p>\n\n\n\n<p>\u201eOdmieni\u0142 moje \u017cycie\u201d ; wyd. ksi\u0119\u017cy Marian\u00f3w<\/p>\n\n\n\n<p>\u201eO dzia\u0142aniu&nbsp; Ducha \u015awi\u0119tego w naszych duszach\u201d ; A. Riaud; wyd. Calvarianum<\/p>\n\n\n\n<p>\u201eO Eucharystii. Wyb\u00f3r przem\u00f3wie\u0144 z okazji II Kongresu Eucharystycznego w Polsce\u201d J. Glemp; wyd. Archidiecezji warszawskiej<\/p>\n\n\n\n<p>\u201eOjciec Kolbe\u201d ; M. K\u0105czkowska ; wyd. O. Franciszkan\u00f3w<\/p>\n\n\n\n<p>\u201eOjciec Maksymilian Maria Kolbe\u201d cz. 2 ; A. Wojtczak; wyd.&nbsp;&nbsp;&nbsp;&nbsp;&nbsp;&nbsp;&nbsp;&nbsp;&nbsp;&nbsp;&nbsp;&nbsp;&nbsp;&nbsp;&nbsp;&nbsp;&nbsp;&nbsp;&nbsp;&nbsp;&nbsp;&nbsp;&nbsp;&nbsp;&nbsp;&nbsp;&nbsp;&nbsp;&nbsp;&nbsp;&nbsp;&nbsp;&nbsp;&nbsp;&nbsp;&nbsp;&nbsp;&nbsp;&nbsp;&nbsp;&nbsp;&nbsp;&nbsp;&nbsp;&nbsp;&nbsp;&nbsp;&nbsp;&nbsp;&nbsp;&nbsp;&nbsp;&nbsp;&nbsp;&nbsp;&nbsp;&nbsp;&nbsp;&nbsp;&nbsp;&nbsp;&nbsp;&nbsp;&nbsp; O. Franciszkan\u00f3w&nbsp;<\/p>\n\n\n\n<p>\u201eOjciec Pio\u201d . Osobowo\u015b\u0107 i pos\u0142uga w relacjach wsp\u00f3\u0142czesnych; opr. I. Burchacka; wyd. \u201eNovum\u201d&nbsp;&nbsp; x 2 szt.<\/p>\n\n\n\n<p>\u201eO Mszy \u015awi\u0119tej najpro\u015bciej\u201d ; J. Stefa\u0144ski &nbsp;&nbsp;x. 2 szt.<\/p>\n\n\n\n<p>\u201eON i ja\u201d Rozmowy duchowe Stw\u00f3rcy ze stworzeniem ; <strong>t. 1-3;<\/strong> G. Bossis; wyd. Michalineum ; rok 2012&nbsp;&nbsp;<\/p>\n\n\n\n<p>\u201eOtoczmy trosk\u0105 \u017cycie\u201d ; wyd. Biblioteka Niedzieli<\/p>\n\n\n\n<p>\u201ePani Jasnog\u00f3rska na szlaku pielgrzymim Jana Paw\u0142a II\u201d \u2018 r. Gro\u0144, R. Ho\u0142ubowicz; wyd. Paulinianum&nbsp;<\/p>\n\n\n\n<p>\u201ePasja wg. objawie\u0144 b\u0142. Anny Katarzyny Emmerich\u201d &nbsp;&nbsp;x 3 &nbsp;szt.<\/p>\n\n\n\n<p>\u201ePe\u0142nia cz\u0142owiecze\u0144stwa, pe\u0142nia \u017cycia\u201d ; J. Powell; wyd. Ksi\u0119\u017cy Marian\u00f3w<\/p>\n\n\n\n<p>\u201e15 dni z Paulin\u0105 Jaricot\u201d ; J. Gadille, G. Marguin; wyd. S. Loretanek&nbsp;&nbsp;&nbsp;&nbsp;<\/p>\n\n\n\n<p>\u201ePi\u0119kna jak per\u0142a. Karolina K\u00f3zk\u00f3wna 100-lecie m\u0119cze\u0144skiej \u015amierci\u201d ; H. Bejda; wyd. Rafael<\/p>\n\n\n\n<p>Pier Giorgio Frossati po\u015br\u00f3d nas\u201d&nbsp; ; R. Claude; wyd. Znak<\/p>\n\n\n\n<p>\u201ePie\u015b\u0144 dla mamy\u201d ; I. J\u00f3zefiak;<\/p>\n\n\n\n<p>&nbsp;\u201e50 Pyta\u0144 i odpowiedzi o aborcji\u201d ; wyd. Piotra Skargi<\/p>\n\n\n\n<p>\u201ePisma\u201d t. 2 ; Edyta Stein (s. Teresa Benedykta od Krzy\u017ca) ; wyd. OO Karmelit\u00f3w Bosych&nbsp;<\/p>\n\n\n\n<p>\u201ePlotki i ploteczk. Informacja bez prawdy\u201d ; A. Zwoli\u0144ski; wyd. \u015bw. Stanis\u0142awa<\/p>\n\n\n\n<p>\u201eP\u0142omienne serca\u201d Sz. Jele\u0144ski; wyd. Pelikan<\/p>\n\n\n\n<p>\u201ePodarunek mi\u0142o\u015bci\u201d ; Gianna Beretta Mola. P. Molla; wyd. S. Loretanek<\/p>\n\n\n\n<p>\u201ePodnios\u0119 kielich zbawienia. O Eucharystii- Modlitwy- Homilie \u2013 Rozwa\u017cania\u201d J. Pawe\u0142 II; wyd. Lublin<\/p>\n\n\n\n<p>\u201epolska nasz wsp\u00f3lny dom. Rozwa\u017cania w Katolickim Radiu Podlasie\u201d ; J. Miszczuk ; wyd. S. Loretanek<\/p>\n\n\n\n<p>\u201ePortret Jana Paw\u0142a II\u201d ; A. Frossard; wyd. \u015awiatowid&nbsp;&nbsp;&nbsp;&nbsp;&nbsp;&nbsp;&nbsp;&nbsp;&nbsp;&nbsp;&nbsp;&nbsp;&nbsp;&nbsp;&nbsp;&nbsp;&nbsp;&nbsp;&nbsp;&nbsp;&nbsp;&nbsp;&nbsp;&nbsp;&nbsp;&nbsp;&nbsp;&nbsp;&nbsp;&nbsp;&nbsp;&nbsp;&nbsp;&nbsp;&nbsp;&nbsp;&nbsp;&nbsp;&nbsp;&nbsp;&nbsp;&nbsp;&nbsp;&nbsp;&nbsp;&nbsp;&nbsp;&nbsp;&nbsp;&nbsp;&nbsp;&nbsp;&nbsp;&nbsp;&nbsp;<\/p>\n\n\n\n<p>\u201ePos\u0142anie z Medjugorje \u2013 365 dni z Maryj\u0105\u201d ; r. Lejeune; wyd. Marian\u00f3w<\/p>\n\n\n\n<p>\u201ePotrzebne do szcz\u0119\u015bcia\u201d ; J. Twardowski \u2013 wiersze<\/p>\n\n\n\n<p>\u201e Powo\u0142anie i s\u0142u\u017cba\u201d ; ks. E. Makulski; wyd. Liche\u0144 x 2 szt.<\/p>\n\n\n\n<p>\u201e Prawda- Wolno\u015b\u0107- \u017bycie\u201d ; K. Kralka, A. Kolberg; wyd. Apostolicum<\/p>\n\n\n\n<p>\u201ePrawdziwe \u017cycie w Bogu. Spotkania z Jezusem\u201d t. IV ; V. Ryden;&nbsp;&nbsp;&nbsp;&nbsp;&nbsp;&nbsp;&nbsp;&nbsp; &nbsp;&nbsp;&nbsp;&nbsp;&nbsp;&nbsp;&nbsp;&nbsp;&nbsp;&nbsp;&nbsp;&nbsp;&nbsp;&nbsp;&nbsp;&nbsp;&nbsp;&nbsp;&nbsp;&nbsp;wyd.&nbsp;&nbsp;&nbsp;&nbsp; Vox Domini<\/p>\n\n\n\n<p>\u201eProblemy bez \u015bciemy\u201d Tysi\u0105c \u015bwiat\u00f3w ma\u0142olat\u00f3w ; R. Szymkowiak; wyd. \u201em\u201d<\/p>\n\n\n\n<p>\u201ePro\u015bcie Ducha&nbsp; \u015awi\u0119tego\u201d Modlitewnik; R. Pannet ; wyd. Marian\u00f3w<\/p>\n\n\n\n<p>\u201ePrzyjmijcie Ducha \u015awi\u0119tego\u201d Jak wej\u015b\u0107 na drog\u0119 wewn\u0119trznego uzdrowienia; P. Iwaszko; wyd. Esprit&nbsp;&nbsp;&nbsp;&nbsp;&nbsp;&nbsp;&nbsp;&nbsp;&nbsp;&nbsp;&nbsp;&nbsp;&nbsp;&nbsp;&nbsp;&nbsp;&nbsp;&nbsp;&nbsp;&nbsp;&nbsp;&nbsp;&nbsp;&nbsp;&nbsp;&nbsp;&nbsp;&nbsp;&nbsp;&nbsp;&nbsp;&nbsp;&nbsp;&nbsp;&nbsp;&nbsp;&nbsp;&nbsp;&nbsp;&nbsp;&nbsp;&nbsp;&nbsp;&nbsp;&nbsp;&nbsp;&nbsp;&nbsp;&nbsp;&nbsp;&nbsp;&nbsp;&nbsp;&nbsp;&nbsp;&nbsp;&nbsp;&nbsp;&nbsp;&nbsp;&nbsp;&nbsp;&nbsp;&nbsp;&nbsp;&nbsp;&nbsp;&nbsp;&nbsp;&nbsp;&nbsp;&nbsp;&nbsp;&nbsp;&nbsp;&nbsp;&nbsp;&nbsp;&nbsp;&nbsp;&nbsp;&nbsp;&nbsp;&nbsp;&nbsp;&nbsp;&nbsp;&nbsp;&nbsp;&nbsp;&nbsp;&nbsp;&nbsp;&nbsp;&nbsp;&nbsp;&nbsp;&nbsp;&nbsp;&nbsp;&nbsp;&nbsp;&nbsp;&nbsp;&nbsp;&nbsp;&nbsp;&nbsp;&nbsp;&nbsp;&nbsp;&nbsp;&nbsp;&nbsp;&nbsp;&nbsp;&nbsp;&nbsp;&nbsp;&nbsp;&nbsp;&nbsp;&nbsp;&nbsp;&nbsp;&nbsp;&nbsp;&nbsp;<\/p>\n\n\n\n<p>\u201ePrzymierze\u201d : Z. Kossak; wyd. PAX<\/p>\n\n\n\n<p>\u201eRachunek dla doros\u0142ego\u201d \u2013 wiersze ks. Jana Twardowskiego &nbsp;&nbsp;x 2 szt.<\/p>\n\n\n\n<p>\u201eRadio Maryja\u201d ; wyd. O. Redemptory\u015bci<\/p>\n\n\n\n<p>\u201eRado\u015b\u0107 uzdrawiania braci\u201d ; praca zbiorowa; wyd. M<\/p>\n\n\n\n<p>\u201eReality TV\u201d ; A. Zwoli\u0144ski; wyd. \u015bw. Stanis\u0142awa<\/p>\n\n\n\n<p>\u201eReklama i jej regu\u0142y. By wybra\u0107 w spos\u00f3b wolny\u201d ; A. Zwoli\u0144ski; wyd. \u015bw. Stanis\u0142awa<\/p>\n\n\n\n<p>\u201eRozmowy o mi\u0142o\u015bci\u201d ; M. Quoist ; wyd. S. Loretanek<\/p>\n\n\n\n<p>\u201eRozmowy z egzorcystami\u201d ; wyd. Monumen&nbsp;&nbsp;&nbsp;&nbsp;&nbsp;&nbsp;&nbsp;&nbsp;&nbsp;&nbsp;&nbsp;&nbsp;&nbsp;&nbsp;&nbsp;&nbsp;&nbsp;&nbsp;&nbsp;&nbsp;&nbsp;&nbsp;&nbsp;&nbsp;&nbsp;&nbsp;&nbsp;&nbsp;&nbsp;&nbsp;&nbsp;&nbsp;&nbsp;&nbsp;&nbsp;&nbsp;&nbsp;&nbsp;&nbsp;&nbsp;&nbsp;&nbsp;&nbsp;&nbsp;&nbsp;&nbsp;&nbsp;&nbsp;&nbsp;&nbsp;&nbsp;&nbsp;&nbsp;&nbsp;&nbsp;&nbsp;&nbsp;&nbsp;&nbsp;<\/p>\n\n\n\n<p>\u201eRozwa\u017cania o wierze\u201d ; T. Dajczer; wyd. \u015bwi\u0119ty Wojciech<\/p>\n\n\n\n<p>\u201eR\u00f3\u017ca\u0144cowe czareczki\u201d&nbsp; R. Buchinger; wyd. Rafael<\/p>\n\n\n\n<p>\u201eRzym i Watykan\u201d \u2013 przewodnik; C. Valigi;&nbsp; wyd. Plurigraf<\/p>\n\n\n\n<p>\u201eSakramenty\u201d Moje Podr\u00f3\u017ce z Anio\u0142em Str\u00f3\u017cem; U. Gola\u0144ska \u2013 dla dzieci ; wyd. S. Loretanek<\/p>\n\n\n\n<p>\u201eSamson\u201d ; E.Gunderson Traylor \u2013 literatura pi\u0119kna ; wyd. Palabra&nbsp; x&nbsp; 2 szt.&nbsp;&nbsp;&nbsp;&nbsp;&nbsp;<\/p>\n\n\n\n<p>\u201eSanktuarium Cudownego Obrazu Matki Bo\u017cej Pocieszycielki Strapionych w Wielkich Oczach\u201d ; F. Szajer;<\/p>\n\n\n\n<p>\u201eSanktuarium Maryjne w Starej Wsi. Przewodnik dla zwiedzaj\u0105cych\u201d ; J. L. Kontowski&nbsp;&nbsp;&nbsp;&nbsp;&nbsp;<\/p>\n\n\n\n<p>\u201eSiedem filar\u00f3w dobrego \u017cycia\u201d; M. Finley; wyd. WAM<\/p>\n\n\n\n<p>\u201eSiostra Sancja\u201d ; I.S. Wrona; wyd. OO Karmelit\u00f3w Bosych<\/p>\n\n\n\n<p>\u201eSkowronek i \u017c\u00f3\u0142wie. Kr\u00f3tkie opowiadania dla ducha\u201d ; B. Ferrero; wyd. Salezja\u0144skie&nbsp;&nbsp;&nbsp;<\/p>\n\n\n\n<p>\u201eS\u0142owa pe\u0142ne \u015bwiat\u0142\u0105\u201d ; b\u0142. Jan Pawe\u0142 II; wyd. M<\/p>\n\n\n\n<p>&nbsp;\u201eSpotkania z duszami czy\u015b\u0107cowymi\u201d ; F. Simonetti; wyd. eSPe&nbsp;&nbsp;&nbsp;&nbsp;&nbsp;&nbsp;&nbsp;&nbsp;&nbsp;&nbsp;&nbsp;&nbsp;&nbsp;&nbsp;&nbsp;&nbsp;&nbsp;&nbsp;&nbsp;&nbsp;&nbsp;&nbsp;&nbsp;&nbsp;&nbsp;&nbsp;&nbsp;&nbsp;&nbsp;&nbsp;&nbsp;&nbsp;&nbsp;&nbsp;&nbsp;&nbsp;&nbsp;&nbsp;&nbsp;&nbsp;&nbsp;&nbsp;&nbsp;&nbsp;&nbsp;&nbsp;&nbsp;&nbsp;&nbsp;&nbsp;&nbsp;&nbsp;&nbsp;&nbsp;&nbsp;&nbsp;&nbsp;&nbsp;&nbsp;&nbsp;&nbsp;&nbsp;&nbsp;&nbsp;&nbsp;&nbsp;&nbsp;&nbsp;&nbsp;&nbsp;&nbsp;&nbsp;&nbsp;&nbsp;&nbsp;&nbsp;&nbsp;&nbsp;&nbsp;&nbsp;&nbsp;&nbsp;&nbsp;&nbsp;&nbsp;&nbsp;&nbsp;&nbsp;&nbsp;&nbsp;&nbsp;&nbsp;&nbsp;&nbsp;&nbsp;&nbsp;&nbsp;&nbsp;&nbsp;&nbsp;&nbsp;&nbsp;&nbsp;&nbsp;&nbsp;&nbsp;&nbsp;&nbsp;&nbsp;&nbsp;&nbsp;&nbsp;&nbsp;&nbsp;&nbsp;&nbsp;&nbsp;&nbsp;&nbsp;&nbsp;&nbsp;&nbsp;&nbsp;&nbsp;&nbsp;&nbsp;&nbsp;&nbsp;&nbsp;&nbsp;&nbsp;&nbsp;&nbsp;&nbsp;&nbsp;&nbsp;&nbsp;&nbsp;&nbsp;&nbsp;&nbsp;&nbsp;&nbsp;&nbsp;&nbsp;&nbsp;&nbsp;&nbsp;&nbsp;&nbsp;&nbsp;&nbsp;&nbsp;&nbsp;&nbsp;&nbsp;&nbsp;&nbsp;&nbsp;&nbsp;&nbsp;&nbsp;&nbsp;&nbsp;&nbsp;&nbsp;&nbsp;&nbsp;&nbsp;&nbsp;&nbsp;&nbsp;&nbsp;&nbsp;&nbsp;&nbsp;&nbsp;&nbsp;&nbsp;&nbsp;&nbsp;&nbsp;&nbsp;&nbsp;&nbsp;&nbsp;&nbsp;&nbsp;&nbsp;&nbsp;&nbsp;&nbsp;&nbsp;&nbsp;&nbsp;&nbsp;&nbsp;&nbsp;&nbsp;&nbsp;&nbsp;&nbsp;&nbsp;&nbsp;&nbsp;&nbsp;&nbsp;&nbsp;&nbsp;&nbsp;&nbsp;&nbsp;&nbsp;&nbsp;&nbsp;&nbsp;&nbsp;&nbsp;&nbsp;&nbsp;&nbsp;&nbsp;&nbsp;&nbsp;<\/p>\n\n\n\n<p>\u201eSpowied\u017a\u201d ; A. van Speyr ; wyd.&nbsp; \u201e W drodze\u201d<\/p>\n\n\n\n<p>\u201eS\u0142owa pe\u0142ne \u015bwiat\u0142a\u201d ; \u015bw. Hildegarda z Bingen; wyd. M<\/p>\n\n\n\n<p>&nbsp;\u201eS\u0142uga Bo\u017cy ksi\u0105dz Jerzy Popie\u0142uszko\u201d ; Z. Malicki; wyd. S. Loretanek&nbsp;&nbsp;&nbsp;<\/p>\n\n\n\n<p>\u201eSpotkania Jasnog\u00f3rskie\u201d ; J. Dobraczy\u0144ski; wyd. Pax &nbsp;x 2 szt.<\/p>\n\n\n\n<p>&nbsp;\u201eSprawa Chrystusa. Najwa\u017cniejsze \u015bledztwo dziennikarskie w dziejach\u201d ;&nbsp;&nbsp;&nbsp;&nbsp;&nbsp;&nbsp;&nbsp;&nbsp;&nbsp;&nbsp;&nbsp;&nbsp;&nbsp;&nbsp;&nbsp;&nbsp;&nbsp;&nbsp;&nbsp;&nbsp; L. Strobel; wyd. Rafael<\/p>\n\n\n\n<p>\u201e101 pyta\u0144 dzieci na temat Boga\u201d ; wyd. \u201eRodzinny Kr\u0105g<\/p>\n\n\n\n<p>\u201eStukam do drzwi Nieba\u201d&nbsp; &#8211; wiersze; A. D. Paul; wyd.<\/p>\n\n\n\n<p>\u201eSuplikacje czasu wojny. Antologia polskiej poezji religijnej 1939-1945\u201d.&nbsp; opr. J. Szczypka; wyd. Pax<\/p>\n\n\n\n<p>\u201eSza\u0142u nie ma jest rak. Z ks. Janem Kaczkowskim rozmawia Katarzyna Jab\u0142o\u0144ska\u201d ; wyd. Wi\u0119zi\u201d&nbsp;<\/p>\n\n\n\n<p>&nbsp;\u201eSzatan istnieje naprawd\u0119\u201d ; B. Gunther; wyd. \u201eWers\u201d Pozna\u0144&nbsp;&nbsp;&nbsp;&nbsp;&nbsp;&nbsp;&nbsp;&nbsp;&nbsp;&nbsp;&nbsp;&nbsp;&nbsp;&nbsp;&nbsp;&nbsp;&nbsp;&nbsp;&nbsp;&nbsp;&nbsp;&nbsp;&nbsp;&nbsp;&nbsp;&nbsp;&nbsp;&nbsp;&nbsp;&nbsp;&nbsp;&nbsp;&nbsp;&nbsp;&nbsp;&nbsp;&nbsp;&nbsp;&nbsp;&nbsp;&nbsp;&nbsp;&nbsp;&nbsp;&nbsp;&nbsp;&nbsp;&nbsp;&nbsp;&nbsp;&nbsp;&nbsp;&nbsp;&nbsp;&nbsp;&nbsp;&nbsp;&nbsp;&nbsp;&nbsp;&nbsp;&nbsp;&nbsp;&nbsp;&nbsp;&nbsp;&nbsp;&nbsp;&nbsp;&nbsp;&nbsp;&nbsp;&nbsp;&nbsp;&nbsp;&nbsp;&nbsp;&nbsp;&nbsp;&nbsp;&nbsp;&nbsp;&nbsp;&nbsp;&nbsp;&nbsp;&nbsp;&nbsp;&nbsp;&nbsp;&nbsp;&nbsp;&nbsp;&nbsp;&nbsp;<\/p>\n\n\n\n<p>&nbsp;\u201eSzko\u0142a modlitwy\u201d ; D. Tettamanzi; wyd. M<\/p>\n\n\n\n<p>\u201eSzko\u0142a modlitwy. Vademecum charyzmatyka\u201d ; T. Micewicz; wyd.&nbsp; \u015bw. Jacka&nbsp; &nbsp;&nbsp;<\/p>\n\n\n\n<p>\u201e \u015amia\u0142y Galilejczyk\u201d ; L. Blythe \u2013 literatura pi\u0119kna ; wyd. Palabra&nbsp;<\/p>\n\n\n\n<p>\u201e \u015awiadectwa Bo\u017cego Mi\u0142osierdzia\u201d &nbsp;; B .Bajor,&nbsp; M. Wikie\u0142 &nbsp;&nbsp;x 2 szt.<\/p>\n\n\n\n<p>\u201e\u015awiadectwo\u201d ; Kard. S. Dziwisz&nbsp; &nbsp;x 2 szt.<\/p>\n\n\n\n<p>\u201e\u015awiadkowie cudu s\u0142o\u0144ca\u201d ; J. M. Haffert; wyd. Instytut Piotra Skargi &nbsp;x. 3 szt.<\/p>\n\n\n\n<p>\u201e\u015awiadkowie wiary. Marianie prze\u015bladowani przez hitleryzm i komunizm\u201d ; J. Bukowicz; wyd. Marian\u00f3w<\/p>\n\n\n\n<p>\u201e \u015awi\u0119ci. B\u0142ogos\u0142awieni. S\u0142udzy Bo\u017cy Rodziny Salezja\u0144skiej\u201d ; S. Szmidt; wyd. Salezja\u0144skie<\/p>\n\n\n\n<p>\u201e\u015awieci codziennego u\u017cytku\u201d ; Sz. Ho\u0142ownia ; wyd. Znak<\/p>\n\n\n\n<p>\u201e\u015awi\u0119ci u\u015bmiechni\u0119ci\u201d ; P. Bieli\u0144ski; wyd. bernardinum&nbsp;<\/p>\n\n\n\n<p>&nbsp;\u201e \u015awi\u0119ta&nbsp; J\u00f3zefina Bakhita. Duma afryka\u0144skiego Ko\u015bcio\u0142a\u201d ; M. Balon; wyd. Rafael&nbsp;&nbsp;&nbsp;&nbsp;<\/p>\n\n\n\n<p>\u201e\u015awi\u0119ta Siostra Faustyna i Bo\u017ce Mi\u0142osierdzie\u201d ; J. Orchowski; wyd. Krak\u00f3w&nbsp;<\/p>\n\n\n\n<p>&nbsp;\u201e\u015awi\u0119ta Urszula Led\u00f3chowska\u201d ; wyd. Biblioteka Niedzieli<\/p>\n\n\n\n<p>\u201e\u015awi\u0119ty Antoni\u201d Wielki kaznodzieja i patron ubogich; M. Balon; Kolekcja Uczta Duchowa<\/p>\n\n\n\n<p>\u201e \u015awi\u0119ty Gerard Majella. Opiekun Matek\u201d ; T. Rey-Mermet, Cz. Kudro\u0144; wyd. o. Redemptoryst\u00f3w<\/p>\n\n\n\n<p>&nbsp;\u201e\u015awi\u0119ty Jan Bosko. Wszystko z mi\u0142o\u015bci nic na si\u0142\u0119\u201d ; M. Balon; wyd. Rafael<\/p>\n\n\n\n<p>\u201e\u015aw. Jan Pawe\u0142 II. Papie\u017c wys\u0142uchanych modlitw\u201d; F. Bucarelli; wyd. M<\/p>\n\n\n\n<p>\u201e\u015awi\u0119tymi b\u0105d\u017acie\u201d ;&nbsp; B. Bajor, A. Kowalik ; Instytut Piotra Skargi<\/p>\n\n\n\n<p>\u201e \u015awi\u0119tymi b\u0105d\u017acie\u201d Jan Pawe\u0142 II; wyd. Biblioteka Niedzieli<\/p>\n\n\n\n<p>\u201e\u015awi\u0119ty na polu chwa\u0142y\u201d T. Pompowski; wyd. Rafael<\/p>\n\n\n\n<p>\u201e\u015awi\u0119ty Ojciec Pio\u201e\u201d L. Zolfanelli&nbsp;&nbsp;&nbsp;&nbsp;&nbsp;&nbsp;&nbsp;&nbsp;&nbsp;&nbsp;&nbsp;&nbsp;&nbsp;&nbsp;&nbsp;&nbsp;&nbsp;&nbsp;&nbsp;&nbsp;&nbsp;&nbsp;&nbsp;&nbsp;&nbsp;&nbsp;&nbsp;&nbsp;&nbsp;&nbsp;&nbsp;&nbsp;&nbsp;&nbsp;&nbsp;&nbsp;&nbsp;&nbsp;&nbsp;&nbsp;&nbsp;&nbsp;&nbsp;&nbsp;&nbsp;&nbsp;&nbsp;&nbsp;&nbsp;&nbsp;&nbsp;&nbsp;&nbsp;&nbsp;&nbsp;&nbsp;&nbsp;&nbsp;&nbsp;&nbsp;&nbsp;&nbsp;&nbsp;&nbsp;&nbsp;&nbsp;&nbsp;&nbsp;&nbsp;&nbsp;&nbsp;&nbsp;&nbsp;&nbsp;&nbsp;&nbsp;&nbsp;&nbsp;&nbsp;&nbsp;&nbsp;&nbsp;&nbsp;<\/p>\n\n\n\n<p>\u201e\u015awi\u0119ty Ojciec Pio. \u201eCyrenejczk dla wszystkich\u201d \u2013 biografia Ojca Pio ; A. Ripabottoni; wyd. \u201eM\u201d &nbsp;&nbsp;&nbsp;&nbsp;&nbsp;&nbsp;&nbsp;&nbsp;&nbsp;&nbsp;&nbsp;&nbsp;&nbsp;&nbsp;&nbsp;&nbsp;&nbsp;&nbsp;&nbsp;&nbsp;&nbsp;&nbsp;&nbsp;&nbsp;&nbsp;&nbsp;&nbsp;&nbsp;&nbsp;&nbsp;&nbsp;&nbsp;&nbsp;&nbsp;&nbsp;&nbsp;&nbsp;&nbsp;&nbsp;&nbsp;&nbsp;&nbsp;&nbsp;&nbsp;&nbsp;&nbsp;&nbsp;&nbsp;&nbsp;&nbsp;&nbsp;&nbsp;&nbsp;&nbsp;<\/p>\n\n\n\n<p>&nbsp;\u201e\u015awi\u0119ty &nbsp;Piotr Julian Eymard Aposto\u0142 Eucharystii\u201d; wyd. Zakonu Pijar\u00f3w; rok 1997 &nbsp;&nbsp;&nbsp;&nbsp;&nbsp;<\/p>\n\n\n\n<p>\u201e\u015awi\u0119ty profesor. Jan z K\u0119t\u201d; J. Mr\u00f3wczy\u0144ski; wyd. o. Franciszkan\u00f3w&nbsp;&nbsp;&nbsp;&nbsp;&nbsp;&nbsp;&nbsp;&nbsp;&nbsp;<\/p>\n\n\n\n<p>\u201e\u015awi\u0119ty O. Stanis\u0142aw Papczy\u0144ski. Za\u0142o\u017cyciel Zgromadzenia Ksi\u0119\u017cy Marian\u00f3w\u201d.<\/p>\n\n\n\n<p>\u201eTajemnica objawie\u0144 w Medjugoriu\u201d ; S. Budzy\u0144ski; wyd. Pelikan<\/p>\n\n\n\n<p>\u201eTajny agent Boga\u201d ; Bob Fu; wyd. Aetos<\/p>\n\n\n\n<p>\u201eTereso zdrad\u017a nam sw\u00f3j sekret\u201d ; L. Sankale; wyd. ksi\u0119\u017cy Marian\u00f3w<\/p>\n\n\n\n<p>\u201eTiara i korona\u201d tom&nbsp; 3, 4; T. Jaske \u2013 Choi\u0144ski; wyd. Novum<\/p>\n\n\n\n<p>\u201eTOTUS TUUS-&nbsp; Papie\u017c Jan Pawe\u0142 II\u201d&nbsp;&nbsp; ; M. Mali\u0144ski ; wyd. \u015aw. Wojciech<\/p>\n\n\n\n<p>\u201eTrafiona przez piorun. Sta\u0142am u bram nieba i piek\u0142a\u201d \u2013 \u015bwiadectwo Glorii Polo;<\/p>\n\n\n\n<p>\u201eUcieczka nasza. Modlitwy do \u015bwi\u0119tego&nbsp; J\u00f3zefa w trudnych sytuacjach\u201d wyd. S. Loretanek<\/p>\n\n\n\n<p>\u201eUczynki mi\u0142osierdzia\u201d ; S. Klimaszewski; wyd. ksi\u0119\u017cy Marian\u00f3w<\/p>\n\n\n\n<p>\u201eUpadek Lucyfera\u201d ; Wendy&nbsp; Alec; wyd. aetos<\/p>\n\n\n\n<p>\u201eU\u015bmiech Maryi. O objawieniach w Lourdes\u201d; P. Warcho\u0142&nbsp;<\/p>\n\n\n\n<p>\u201eUwierzy\u0107 sercem\u201d ; wyd. Editions du dialogue<\/p>\n\n\n\n<p>\u201eUwierzy\u0107 sercem\u201d \u2013 opracowanie katechizmowe; wyd. PAX&nbsp;<\/p>\n\n\n\n<p>\u201eUzdrawiaj\u0105ca moc Ducha \u015awi\u0119tego\u201d ; J. Witko; wyd. Esprit&nbsp;&nbsp;&nbsp;&nbsp;&nbsp;&nbsp;&nbsp;&nbsp;&nbsp;&nbsp;&nbsp;&nbsp;&nbsp;&nbsp;&nbsp;&nbsp;&nbsp;&nbsp;&nbsp;&nbsp;&nbsp;&nbsp;&nbsp;&nbsp;&nbsp;&nbsp;&nbsp;&nbsp;<\/p>\n\n\n\n<p>\u201eUzdrawiaj\u0105ca moc przebaczenia\u201d ; J. Witko; wyd. Esprit<\/p>\n\n\n\n<p>\u201eUzdrowienia w Lourdes w \u015bwietle dokument\u00f3w lekarskich\u201d ; J. Belleney; wyd. O. Franciszkan\u00f3w&nbsp;&nbsp;&nbsp;<\/p>\n\n\n\n<p>\u201eU \u017ar\u00f3de\u0142 Medjugoria\u201d ; D. Skunca Klanac; wyd. Pijar\u00f3w<\/p>\n\n\n\n<p>\u201e W co wierz\u0105 katolicy. Przewodnik po wierze i praktykach religijnych\u201d ; J. Knop; wyd. \u015bw. Wojciecha<\/p>\n\n\n\n<p>\u201eW dobrych zawodach\u201d ; M. Nowak; wyd. Archidiecezji Warszawskiej<\/p>\n\n\n\n<p>\u201eWenanty Katarzyniec. Zwyczajne \u017cycie niezwyk\u0142ego cz\u0142owieka\u201d Biografia &nbsp;&nbsp;<\/p>\n\n\n\n<p>\u201eWejd\u017a na drog\u0119&nbsp; b\u0142ogos\u0142awie\u0144stw\u201d Jan Pawe\u0142 II; wyd. S. Loretanek<\/p>\n\n\n\n<p>\u201eWielcy kap\u0142ani\u201d czas prze\u015bladowa\u0144\u2026 czas pr\u00f3by; Kolekcja&nbsp; Uczta Duchowa&nbsp;&nbsp;&nbsp;&nbsp;&nbsp;&nbsp;&nbsp;&nbsp;&nbsp;&nbsp;&nbsp;&nbsp;&nbsp;&nbsp;&nbsp;&nbsp;&nbsp;&nbsp;&nbsp;&nbsp;&nbsp;&nbsp;&nbsp;&nbsp;&nbsp;&nbsp;&nbsp;&nbsp;&nbsp;&nbsp;&nbsp;&nbsp;&nbsp;&nbsp;&nbsp;&nbsp;&nbsp;&nbsp;&nbsp;&nbsp;&nbsp;&nbsp;&nbsp;&nbsp;&nbsp;&nbsp;&nbsp;&nbsp;&nbsp;&nbsp;&nbsp;&nbsp;&nbsp;&nbsp;&nbsp;&nbsp;&nbsp;&nbsp;&nbsp;&nbsp;&nbsp;&nbsp;&nbsp;&nbsp;&nbsp;&nbsp;&nbsp;&nbsp;&nbsp;<\/p>\n\n\n\n<p>\u201eWielki Rybak\u201d Tom. 1; L. Douglas<\/p>\n\n\n\n<p>\u201eWierny wezwaniu\u201d Opowie\u015b\u0107 o za\u0142o\u017cycielu Marian\u00f3w; O. Nassalski; 1995<\/p>\n\n\n\n<p>\u201eWielka Nowenna. Codzienne rozwa\u017canie S\u0142owa Bo\u017cego\u201d t. 1-6 ; wyd. Samaryta\u0144ski Ruch Maryi Jedno\u015b\u0107<\/p>\n\n\n\n<p>\u201eWiosna Don Camilla\u201d ; Guareschi; wyd. Palabra &amp; Pax<\/p>\n\n\n\n<p>\u201e W odpowiedzi na dar mi\u0142osierdzia\u201d; A. Derdziuk ; wyd. Gaudium&nbsp;&nbsp;&nbsp;&nbsp;&nbsp;&nbsp;&nbsp;&nbsp;&nbsp;&nbsp;&nbsp;&nbsp;&nbsp;&nbsp;&nbsp;&nbsp;&nbsp;&nbsp;&nbsp;&nbsp;&nbsp;&nbsp;&nbsp;&nbsp;&nbsp;<\/p>\n\n\n\n<p>\u201eWok\u00f3\u0142 Roku Wiary\u201d ; J. Michalik; wyd.&nbsp; Cz\u0119stochowa<\/p>\n\n\n\n<p>\u201eWolni i wyzwalaj\u0105cy\u201d ; F. Blachnicki<\/p>\n\n\n\n<p>\u201eWo\u0142anie Kr\u00f3lowej Pokoju\u201d Medjugorie; P. Ljubci\u0107 ; wyd. Zakonu Pijar\u00f3w&nbsp;&nbsp;&nbsp;&nbsp;&nbsp;&nbsp;&nbsp;&nbsp;&nbsp;&nbsp;&nbsp;&nbsp;&nbsp;&nbsp;&nbsp;&nbsp;&nbsp;&nbsp;&nbsp;&nbsp;&nbsp;&nbsp;&nbsp;&nbsp;&nbsp;&nbsp;&nbsp;&nbsp;&nbsp;&nbsp;&nbsp;&nbsp;&nbsp;&nbsp;&nbsp;&nbsp;&nbsp;&nbsp;&nbsp;&nbsp;&nbsp;&nbsp;&nbsp;&nbsp;&nbsp;&nbsp;&nbsp;&nbsp;&nbsp;&nbsp;&nbsp;&nbsp;&nbsp;&nbsp;&nbsp;&nbsp;&nbsp;&nbsp;&nbsp;&nbsp;&nbsp;<\/p>\n\n\n\n<p>\u201eW przymierzu z Maryj\u0105. Wyb\u00f3r artyku\u0142\u00f3w\u201d<\/p>\n\n\n\n<p>\u201eWszystko o Jezusie z Nazaretu\u201d ; wyd. \u015bw. Filipa Aposto\u0142a<\/p>\n\n\n\n<p>\u201eWszystko o spowiedzi\u201d; wyd. \u015bw. Filipa Aposto\u0142a<\/p>\n\n\n\n<p>\u201e W tej Hostyi jest B\u00f3g \u017cywy. O Komunii \u015bwi\u0119tej na r\u0119k\u0119\u201d ; wyd. Piotr Skarga &nbsp;&nbsp;x 2 szt. &nbsp;<\/p>\n\n\n\n<p>\u201e Z braku rodzi si\u0119 lepsze. Wywiad strumyk\u201d ; P. Pawlukiewicz; wyd. RTCK&nbsp;&nbsp;&nbsp;&nbsp;&nbsp;&nbsp;&nbsp;&nbsp;&nbsp;&nbsp;&nbsp;&nbsp;&nbsp;&nbsp;&nbsp;&nbsp;&nbsp;&nbsp;&nbsp;&nbsp;&nbsp;<\/p>\n\n\n\n<p>\u201eZbudzone echo\u201d M. Nowak<\/p>\n\n\n\n<p>\u201eZ Chrystusem w drog\u0119\u201d ; wyd. Salezja\u0144skie&nbsp;&nbsp;&nbsp;&nbsp;&nbsp;&nbsp;&nbsp;&nbsp;&nbsp;&nbsp;&nbsp;&nbsp;&nbsp;&nbsp;&nbsp;&nbsp;&nbsp;&nbsp;&nbsp;&nbsp;&nbsp;&nbsp;&nbsp;&nbsp;&nbsp;&nbsp;&nbsp;&nbsp;&nbsp;&nbsp;&nbsp;&nbsp;&nbsp;&nbsp;&nbsp;&nbsp;&nbsp;&nbsp;&nbsp;&nbsp;&nbsp;&nbsp;&nbsp;&nbsp;&nbsp;&nbsp;&nbsp;&nbsp;&nbsp;&nbsp;&nbsp;&nbsp;&nbsp;&nbsp;&nbsp;&nbsp;&nbsp;&nbsp;&nbsp;&nbsp;&nbsp;&nbsp;&nbsp;&nbsp;&nbsp;&nbsp;&nbsp;&nbsp;&nbsp;&nbsp;&nbsp;&nbsp;&nbsp;&nbsp;&nbsp;&nbsp;&nbsp;&nbsp;&nbsp;&nbsp;&nbsp;&nbsp;<\/p>\n\n\n\n<p>\u201eZeno nie ma czasu umrze\u0107\u201d ; T. Matsui; wyd. Niepokalan\u00f3w&nbsp;&nbsp;&nbsp;&nbsp;&nbsp;&nbsp;&nbsp;&nbsp;&nbsp;&nbsp;&nbsp;&nbsp;&nbsp;&nbsp;&nbsp;&nbsp;&nbsp;&nbsp;&nbsp;&nbsp;&nbsp;&nbsp;&nbsp;&nbsp;&nbsp;&nbsp;&nbsp;&nbsp;&nbsp;&nbsp;&nbsp;&nbsp;&nbsp;&nbsp;&nbsp;&nbsp;&nbsp;&nbsp;&nbsp;&nbsp;&nbsp;&nbsp;&nbsp;&nbsp;<\/p>\n\n\n\n<p>\u201eZima don Camillla\u201d ; Guareschi; wyd. Palabra<\/p>\n\n\n\n<p>&nbsp; \u201eZ\u0142oty \u015bwiecznik\u201d&nbsp; Opowiadania dla m\u0142odzie\u017cy; W. Huenermann;&nbsp; wyd. OO. Karmelit\u00f3w Bosych ; 1986&nbsp;&nbsp;&nbsp;<\/p>\n\n\n\n<p>\u201eZnaki Ducha \u015awi\u0119tego\u201d ; F. Mickiewicz; wyd. Apostolicum&nbsp;&nbsp; &nbsp;&nbsp;&nbsp;&nbsp;&nbsp;&nbsp;<\/p>\n\n\n\n<p>\u201eZniszczy\u0107 Ko\u015bci\u00f3\u0142. Prawdziwa opowie\u015b\u0107 o czasach wojny\u201d ; T. Frasik,&nbsp;&nbsp;&nbsp;&nbsp;&nbsp;&nbsp;&nbsp;&nbsp;&nbsp;&nbsp;&nbsp;&nbsp;&nbsp;&nbsp;&nbsp;&nbsp;&nbsp;&nbsp;&nbsp;&nbsp;&nbsp;&nbsp;&nbsp;&nbsp;&nbsp; J. Szarek, J. W\u0105sowicz; wyd. Rafael&nbsp; &nbsp;&nbsp;<\/p>\n\n\n\n<p>\u201eZraniony Pasterz\u201d ; D. Ange; wyd. M<\/p>\n\n\n\n<p>\u201eZ werbistowskiej poczty misyjnej\u201d; wyd. Pieni\u0119\u017cno<\/p>\n\n\n\n<p>\u201eZwyci\u0119stwo ksi\u0119dza Jerzego. Rozmowy z Grzegorzem Piotrowskim\u201d&nbsp; ; T. Fredro- Boniecki<\/p>\n\n\n\n<p>\u201eZwyci\u0119stwo przychodzi przez R\u00f3\u017caniec\u201d \u2013 \u015bwiadectwa r\u00f3\u017ca\u0144cowe; wyd. S. Loretanek<\/p>\n\n\n\n<p>\u201e \u017b\u00f3\u0142ty zeszyt. Ostatnie rozmowy \u015bw. Teresy od dzieci\u0105tka Jezus\u201d ; wyd. PAX<\/p>\n\n\n\n<p>\u201e\u017bycie jest wi\u0119cej\u201d ; P. Hinsen, J. Danko; wyd. Wroc\u0142aw&nbsp;&nbsp;&nbsp;&nbsp;&nbsp;&nbsp;&nbsp;&nbsp;&nbsp;&nbsp;&nbsp;&nbsp;&nbsp;&nbsp;&nbsp;&nbsp;&nbsp;&nbsp;&nbsp;&nbsp;&nbsp;&nbsp;&nbsp;&nbsp;&nbsp;&nbsp;&nbsp;&nbsp;&nbsp;&nbsp;&nbsp;&nbsp;&nbsp;&nbsp;&nbsp;&nbsp;&nbsp;&nbsp;&nbsp;&nbsp;&nbsp;&nbsp;&nbsp;&nbsp;&nbsp;&nbsp;&nbsp;&nbsp;&nbsp;&nbsp;&nbsp;&nbsp;&nbsp;&nbsp;&nbsp;&nbsp;&nbsp;&nbsp;&nbsp;&nbsp;&nbsp;&nbsp;&nbsp;&nbsp;&nbsp;&nbsp;&nbsp;&nbsp;&nbsp;&nbsp;&nbsp;&nbsp;&nbsp;&nbsp;&nbsp;&nbsp;&nbsp;&nbsp;&nbsp;&nbsp;&nbsp;&nbsp;&nbsp;&nbsp;&nbsp;&nbsp;&nbsp;&nbsp;&nbsp;&nbsp;&nbsp;&nbsp;&nbsp;&nbsp;&nbsp;&nbsp;&nbsp;&nbsp;&nbsp;&nbsp;&nbsp;&nbsp;&nbsp;&nbsp;&nbsp;&nbsp;<\/p>\n\n\n\n<p>\u201e \u017bycie \u015bw. Antoniego\u201d ; V. Gamboso; wyd. Wroc\u0142aw &nbsp;<\/p>\n\n\n\n<p>\u201e\u017bycie \u015bwi\u0119tego Stanis\u0142awa Kostki. poemat Grzegorza z Sambora\u201d<\/p>\n\n\n\n<p>\u201e \u017byciorys J\u00f3zefa kardyna\u0142a Glempa Prymasa Polski\u201d ; A. Dziuba, M. Kreczma\u0144ski ; wyd. S. Loretanek<\/p>\n\n\n\n<p>\u201e\u017by\u0107 Msza \u015bwi\u0119t\u0105\u201d ; M. Nowak;&nbsp; wyd. Palabra &nbsp;&nbsp;&nbsp;&nbsp;&nbsp;&nbsp;&nbsp;&nbsp;&nbsp;&nbsp;&nbsp;&nbsp;&nbsp;&nbsp;&nbsp;&nbsp;&nbsp;&nbsp;&nbsp;&nbsp;&nbsp;&nbsp;&nbsp;&nbsp;&nbsp;&nbsp;&nbsp;&nbsp;&nbsp;&nbsp;&nbsp;&nbsp;&nbsp;&nbsp;&nbsp;&nbsp;&nbsp;&nbsp;&nbsp;&nbsp;&nbsp;&nbsp;&nbsp;&nbsp;&nbsp;&nbsp;&nbsp;&nbsp;&nbsp;&nbsp;&nbsp;&nbsp;&nbsp;&nbsp;&nbsp;&nbsp;&nbsp;&nbsp;&nbsp;&nbsp;&nbsp;&nbsp;&nbsp;&nbsp;&nbsp;&nbsp;&nbsp;&nbsp;&nbsp;&nbsp;&nbsp;&nbsp;&nbsp;&nbsp;&nbsp;&nbsp;&nbsp;&nbsp;&nbsp;&nbsp;&nbsp;&nbsp;&nbsp;&nbsp;&nbsp;&nbsp;&nbsp;&nbsp;<\/p>\n","protected":false},"excerpt":{"rendered":"<p>Pod ch\u00f3rem jest nasza biblioteczka parafialna. W tej chwili mamy oko\u0142o 310 pozycji ksi\u0105\u017ckowych. Zach\u0119camy do lektury i prosimy, aby po przeczytaniu [&hellip;]<\/p>\n","protected":false},"author":5,"featured_media":2660,"parent":338,"menu_order":0,"comment_status":"closed","ping_status":"closed","template":"","meta":{"footnotes":""},"class_list":["post-2654","page","type-page","status-publish","has-post-thumbnail","hentry"],"wppr_data":{"cwp_meta_box_check":"No"},"_links":{"self":[{"href":"https:\/\/parafia-klemensow.pl\/index.php\/wp-json\/wp\/v2\/pages\/2654","targetHints":{"allow":["GET"]}}],"collection":[{"href":"https:\/\/parafia-klemensow.pl\/index.php\/wp-json\/wp\/v2\/pages"}],"about":[{"href":"https:\/\/parafia-klemensow.pl\/index.php\/wp-json\/wp\/v2\/types\/page"}],"author":[{"embeddable":true,"href":"https:\/\/parafia-klemensow.pl\/index.php\/wp-json\/wp\/v2\/users\/5"}],"replies":[{"embeddable":true,"href":"https:\/\/parafia-klemensow.pl\/index.php\/wp-json\/wp\/v2\/comments?post=2654"}],"version-history":[{"count":2,"href":"https:\/\/parafia-klemensow.pl\/index.php\/wp-json\/wp\/v2\/pages\/2654\/revisions"}],"predecessor-version":[{"id":2666,"href":"https:\/\/parafia-klemensow.pl\/index.php\/wp-json\/wp\/v2\/pages\/2654\/revisions\/2666"}],"up":[{"embeddable":true,"href":"https:\/\/parafia-klemensow.pl\/index.php\/wp-json\/wp\/v2\/pages\/338"}],"wp:featuredmedia":[{"embeddable":true,"href":"https:\/\/parafia-klemensow.pl\/index.php\/wp-json\/wp\/v2\/media\/2660"}],"wp:attachment":[{"href":"https:\/\/parafia-klemensow.pl\/index.php\/wp-json\/wp\/v2\/media?parent=2654"}],"curies":[{"name":"wp","href":"https:\/\/api.w.org\/{rel}","templated":true}]}}