{"id":748,"date":"2017-05-05T11:48:34","date_gmt":"2017-05-05T09:48:34","guid":{"rendered":"http:\/\/parafia-klemensow.pl\/?page_id=748"},"modified":"2026-09-05T13:50:46","modified_gmt":"2026-09-05T11:50:46","slug":"intencje-mszalne","status":"publish","type":"page","link":"https:\/\/parafia-klemensow.pl\/index.php\/intencje-mszalne\/","title":{"rendered":"Intencje mszalne"},"content":{"rendered":"\t\t<div data-elementor-type=\"wp-page\" data-elementor-id=\"748\" class=\"elementor elementor-748\" data-elementor-settings=\"[]\">\n\t\t\t\t\t\t<div class=\"elementor-inner\">\n\t\t\t\t\t\t\t<div class=\"elementor-section-wrap\">\n\t\t\t\t\t\t\t<section class=\"elementor-section elementor-top-section elementor-element elementor-element-6ec6094 elementor-section-boxed elementor-section-height-default elementor-section-height-default\" data-id=\"6ec6094\" data-element_type=\"section\">\n\t\t\t\t\t\t<div class=\"elementor-container elementor-column-gap-default\">\n\t\t\t\t\t\t\t<div class=\"elementor-row\">\n\t\t\t\t\t<div class=\"elementor-column elementor-col-100 elementor-top-column elementor-element elementor-element-f95ca39\" data-id=\"f95ca39\" data-element_type=\"column\">\n\t\t\t<div class=\"elementor-column-wrap elementor-element-populated\">\n\t\t\t\t\t\t\t<div class=\"elementor-widget-wrap\">\n\t\t\t\t\t\t<div class=\"elementor-element elementor-element-c07a694 elementor-drop-cap-yes elementor-drop-cap-view-default elementor-widget elementor-widget-text-editor\" data-id=\"c07a694\" data-element_type=\"widget\" data-settings=\"{&quot;drop_cap&quot;:&quot;yes&quot;}\" data-widget_type=\"text-editor.default\">\n\t\t\t\t<div class=\"elementor-widget-container\">\n\t\t\t\t\t\t\t\t<div class=\"elementor-text-editor elementor-clearfix\">\n\t\t\t\t\t<p><strong>\u00a0\u00a0\u00a0\u00a0 \u00a0\u00a0INTENCJE MSZALNE OD \u00a007 \u2013 13 WRZE\u015aNIA 2026 R. <\/strong><\/p><p><strong>\u00a0<\/strong><\/p><table width=\"628\"><tbody><tr><td width=\"151\"><h3><strong>DZIE\u0143 <\/strong><\/h3><\/td><td width=\"71\"><p><strong>GODZ. <\/strong><\/p><\/td><td width=\"406\"><p><strong>W\u00a0\u00a0 JAKIEJ\u00a0\u00a0 INTENCJI<\/strong><\/p><\/td><\/tr><tr><td rowspan=\"4\" width=\"151\"><p><strong>PONIEDZIA\u0141EK <\/strong><\/p><\/td><td width=\"71\"><p>7.00<\/p><\/td><td width=\"406\"><p>+ Dariusz Hordej (of. rodz. Gulak)<\/p><\/td><\/tr><tr><td width=\"71\"><p>7.00<\/p><\/td><td width=\"406\"><p>+ Maria Garbata w 30 dzie\u0144 po \u015bmierci.<\/p><\/td><\/tr><tr><td width=\"71\"><p>17.00<\/p><\/td><td width=\"406\"><p>+ Janina, Stefan Mulawka<\/p><\/td><\/tr><tr><td width=\"71\"><p>17.00<\/p><\/td><td width=\"406\"><p>+ Genowefa Po\u017adzik \u00a0(of. Brata z rodz.)<\/p><\/td><\/tr><tr><td rowspan=\"5\" width=\"151\"><p>WTOREK<\/p><\/td><td width=\"71\"><p>8.00<\/p><\/td><td width=\"406\"><p>+ Czes\u0142aw Wr\u00f3blewski<\/p><\/td><\/tr><tr><td width=\"71\"><p>8.00<\/p><\/td><td width=\"406\"><p>+ Roman Lipski w 7 dzie\u0144 po \u015bmierci.<\/p><\/td><\/tr><tr><td width=\"71\"><p>17.00<\/p><\/td><td width=\"406\"><p>+ Irena Typek (28r.\u015b.), W\u0142adys\u0142aw ; Ha\u0142as\u00f3w, Typk\u00f3w \u00a0<\/p><\/td><\/tr><tr><td width=\"71\"><p>17.00<\/p><\/td><td width=\"406\"><p>Dzi\u0119kczynna w 80 rocznic\u0119 urodzin\u00a0 Marii\u00a0 z pro\u015bb\u0105\u00a0 o dalsze Bo\u017ce b\u0142ogos\u0142awie\u0144stwo, opiek\u0119\u00a0 Matki Naj\u015bwi\u0119tszej , zdrowie i potrzebne \u0142aski.<\/p><\/td><\/tr><tr><td width=\"71\"><p>17.00<\/p><\/td><td width=\"406\"><p>Dzi\u0119kczynna w rocznic\u0119 \u015blubu Pauli i Dawida z pro\u015bb\u0105 o dalsze Bo\u017ce b\u0142ogos\u0142awie\u0144stwo, opiek\u0119 Matki Naj\u015bwi\u0119tszej \u00a0i potrzebne \u0142aski dla Rodziny.\u00a0<\/p><\/td><\/tr><tr><td rowspan=\"4\" width=\"151\"><p><strong>\u015aRODA <\/strong><\/p><p>\u00a0<\/p><\/td><td width=\"71\"><p><strong>7.00<\/strong><\/p><\/td><td width=\"406\"><p><strong>+ Julianna Kiszczak (of. wnuczki Nikoli) <\/strong><\/p><\/td><\/tr><tr><td width=\"71\"><p><strong>7.00 <\/strong><\/p><\/td><td width=\"406\"><p><strong>+ Stanis\u0142awa (ona) Wr\u00f3bel (of. rodz. Szewczyk ) <\/strong><\/p><\/td><\/tr><tr><td width=\"71\"><p>17.00<\/p><\/td><td width=\"406\"><p>+ Genowefa Bartnik (r.\u015b.)<\/p><\/td><\/tr><tr><td width=\"71\"><p>17.00<\/p><\/td><td width=\"406\"><p>Dzi\u0119kczynna z okazji 20 rocznicy urodzin Szymona z\u00a0 pro\u015bb\u0105 o dalsze Bo\u017ce b\u0142ogos\u0142awie\u0144stwo, dary Ducha \u015awi\u0119tego, opiek\u0119 Matki Naj\u015bwi\u0119tszej i potrzebne \u0142aski .<\/p><\/td><\/tr><tr><td rowspan=\"5\" width=\"151\"><p><strong>CZWARTEK<\/strong><\/p><p><strong>\u00a0<\/strong><\/p><\/td><td width=\"71\"><p>7.00<\/p><\/td><td width=\"406\"><p>+ Irena Ochma\u0144ska (of. rodz. Piskorskich)<\/p><\/td><\/tr><tr><td width=\"71\"><p>7.00<\/p><\/td><td width=\"406\"><p>+ <strong>Maria Garbata \u00a0(of. Marka Pytlik)<\/strong><\/p><\/td><\/tr><tr><td width=\"71\"><p>17.00<\/p><\/td><td width=\"406\"><p>+ Walenty (34r.\u015b.), Marianna (28r.\u015b.) Czerwieniec<\/p><\/td><\/tr><tr><td width=\"71\"><p>17.00<\/p><\/td><td width=\"406\"><p>+ Janina Bednarz (16r.\u015b.)<\/p><\/td><\/tr><tr><td width=\"71\"><p><strong>17.00 <\/strong><\/p><\/td><td width=\"406\"><p><strong>+ Ryszard Ha\u0142asa (of. rodz. Wawryk)\u00a0 <\/strong><\/p><\/td><\/tr><tr><td rowspan=\"5\" width=\"151\"><p><strong>PI\u0104TEK<\/strong><\/p><\/td><td width=\"71\"><p>7.00<\/p><\/td><td width=\"406\"><p>Dzi\u0119kczynna z pro\u015bb\u0105 o dalsze Bo\u017ce b\u0142ogos\u0142awie\u0144stwo, , opiek\u0119 Matki Bo\u017cej Nieustaj\u0105cej Pomocy i potrzebne \u0142aski dla Rodziny.<\/p><\/td><\/tr><tr><td width=\"71\"><p>7.00<\/p><\/td><td width=\"406\"><p>+ <strong>Janina Bubi\u0142ek (of. chrze\u015bniaka Wojtka z \u017con\u0105 Dorot\u0105 i rodzin\u0105 )<\/strong>\u00a0\u00a0\u00a0\u00a0\u00a0\u00a0\u00a0\u00a0\u00a0\u00a0\u00a0\u00a0\u00a0\u00a0\u00a0\u00a0\u00a0\u00a0\u00a0\u00a0\u00a0\u00a0<\/p><\/td><\/tr><tr><td width=\"71\"><p>17.00<\/p><\/td><td width=\"406\"><p>+ Krystyna Watrak (4r.\u015b.); Krzysztof \u0141ysakowski (8r.\u015b.)<\/p><\/td><\/tr><tr><td width=\"71\"><p>17.00<\/p><\/td><td width=\"406\"><p>+ Wincentyna (ona) (r. \u015b.), J\u00f3zef Jarosz \u00a0<\/p><\/td><\/tr><tr><td width=\"71\"><p>17.00<\/p><\/td><td width=\"406\"><p>+ Henryk Kranczewski\u00a0<\/p><\/td><\/tr><tr><td rowspan=\"5\" width=\"151\"><p><strong>SOBOTA <\/strong><\/p><p><strong>\u00a0<\/strong><\/p><\/td><td width=\"71\"><p>7.00<\/p><\/td><td width=\"406\"><p>Za dusze w czy\u015b\u0107cu cierpi\u0105ce<\/p><\/td><\/tr><tr><td width=\"71\"><p>7.00<\/p><\/td><td width=\"406\"><p>+ Anna Ho\u0142owi\u0144ska (co mies.) \u00a0<\/p><\/td><\/tr><tr><td width=\"71\"><p>14.00<\/p><\/td><td width=\"406\"><p>\u015alubna : Paulina Boryta \u2013 \u0141ukasz Kamieniecki<\/p><\/td><\/tr><tr><td width=\"71\"><p>17.00<\/p><\/td><td width=\"406\"><p>+ Eugeniusz, Urszula Ciurysek;\u00a0 Ludwik, Justyna Wr\u00f3bel<\/p><\/td><\/tr><tr><td width=\"71\"><p>17.00<\/p><\/td><td width=\"406\"><p>+ Helena Bednarz\u00a0 (4r.\u015b.), Czes\u0142aw Bednarz<\/p><\/td><\/tr><tr><td rowspan=\"8\" width=\"151\"><p><strong>NIEDZIELA <\/strong><\/p><p><strong>\u00a0<\/strong><\/p><\/td><td width=\"71\"><p>8.00<\/p><\/td><td width=\"406\"><p>+ Janina, Jan, Janina , Zdzis\u0142aw , Jolanta Zawadzkich; Bo\u017cena Szajder<\/p><\/td><\/tr><tr><td width=\"71\"><p>8.00<\/p><\/td><td width=\"406\"><p>+ Teresa Bednarz (r. \u015b.)<\/p><\/td><\/tr><tr><td width=\"71\"><p>8.00<\/p><\/td><td width=\"406\"><p>+ J\u00f3zef (32r.\u015b.), Zofia, Maria, Rafa\u0142, Katarzyna, Anna , Wojciech Czarneckich; El\u017cbieta W\u00f3jcik<\/p><\/td><\/tr><tr><td width=\"71\"><p>10.00<\/p><\/td><td width=\"406\"><p>W intencji Ojczyzny, o jedno\u015b\u0107 Polak\u00f3w i pok\u00f3j na \u015bwiecie.<\/p><\/td><\/tr><tr><td width=\"71\"><p>10.00<\/p><\/td><td width=\"406\"><p>Za dusze w czy\u015b\u0107cu cierpi\u0105ce.<\/p><\/td><\/tr><tr><td width=\"71\"><p>10.00<\/p><\/td><td width=\"406\"><p>+ Maria (6r.\u015b.), Stanis\u0142aw Bubi\u0142ek<\/p><\/td><\/tr><tr><td width=\"71\"><p>12.00<\/p><\/td><td width=\"406\"><p>Za Parafian<\/p><\/td><\/tr><tr><td width=\"71\"><p>12.00<\/p><\/td><td width=\"406\"><p>+ Marian Bednarz (17r.\u015b.); Regina, Jan Bednarz<\/p><\/td><\/tr><\/tbody><\/table><p>\u00a0<\/p><p><strong>\u00a0 INTENCJE MSZALNE OD\u00a0\u00a0 31 SIERPNIA \u2013 06 WRZE\u015aNIA <\/strong><\/p><p><strong>\u00a0<\/strong><\/p><table width=\"628\"><tbody><tr><td width=\"15\"><h3><strong>DZIE\u0143 <\/strong><\/h3><\/td><td width=\"71\"><strong>GODZ. <\/strong><\/td><td width=\"406\"><strong>W\u00a0\u00a0 JAKIEJ\u00a0\u00a0 INTENCJI<\/strong><\/td><\/tr><tr><td rowspan=\"5\" width=\"151\"><strong>PONIEDZIA\u0141EK <\/strong><\/td><td width=\"71\">7.00<\/td><td width=\"406\">+ Micha\u0142 Sendecki (3r.\u015b.)<\/td><\/tr><tr><td width=\"71\">7.00<\/td><td width=\"406\">+ W\u0142odzimierz Sikorski<\/td><\/tr><tr><td width=\"71\">17.00<\/td><td width=\"406\">Za dusze czy\u015b\u0107cu cierpi\u0105ce.<\/td><\/tr><tr><td width=\"71\">17.00<\/td><td width=\"406\">+ Alina \u0141adniak (1r.\u015b.)<\/td><\/tr><tr><td width=\"71\">17.00<\/td><td width=\"406\">+ <strong>Janina Bubi\u0142ek<\/strong> \u00a0\u00a0( of. wnuka Damiana\u00a0 )<\/td><\/tr><tr><td rowspan=\"4\" width=\"151\">WTOREK<\/td><td width=\"71\">7.00<\/td><td width=\"406\">Za rodzin\u0119 Gwiazd\u00f3w i Antoniak\u00f3w z Krakowa\u00a0 o zdrowie i b\u0142ogos\u0142awie\u0144stwo Bo\u017ce ,\u00a0 szcz\u0119\u015bliwe rozwi\u0105zanie dla Ireny i znalezienie mieszkania dla Jurka.<\/td><\/tr><tr><td width=\"71\">17.00<\/td><td width=\"406\">+ Aleksander B\u017adziuch ; Witold B\u017adziuch (of. \u017cony)<\/td><\/tr><tr><td width=\"71\">17.00<\/td><td width=\"406\">+ <strong>Rados\u0142aw Misiarz<\/strong> (of. rodz. Sobowicz\u00f3w)<\/td><\/tr><tr><td width=\"71\">17.00<\/td><td width=\"406\">+ Julianna Kiszczak (of. kole\u017canek)<\/td><\/tr><tr><td rowspan=\"3\" width=\"151\"><p><strong>\u015aRODA <\/strong><\/p><\/td><td width=\"71\">17.00<\/td><td width=\"406\">+ Stefan Kaszyca (ur.)<\/td><\/tr><tr><td width=\"71\">17.00<\/td><td width=\"406\">+ Leokadia, Stanis\u0142aw Antoszczak; Aniela, Mieczys\u0142aw Bubi\u0142ek; Damian, Wies\u0142aw \u015awiderek; Marian Mucha<\/td><\/tr><tr><td width=\"71\">17.00<\/td><td width=\"406\">+ Tadeusz Krukowski (of. brata Romana z rodzin\u0105)<\/td><\/tr><tr><td rowspan=\"3\" width=\"151\"><p><strong>CZWARTEK<\/strong><\/p><p><strong>\u00a0<\/strong><\/p><\/td><td width=\"71\">7.00<\/td><td width=\"406\">+ Mieczys\u0142aw Panasowiec; Zofia, Jan, Teresa, Stanis\u0142aw Radzik<\/td><\/tr><tr><td width=\"71\">17.00<\/td><td width=\"406\">+ Janina Kisieli\u0144ska (2r.\u015b.)<\/td><\/tr><tr><td width=\"71\">17.00<\/td><td width=\"406\">+ Aleksander Kasiedczak (of. rodz. Jankowskich)<\/td><\/tr><tr><td rowspan=\"4\" width=\"151\"><strong>PI\u0104TEK<\/strong><\/td><td width=\"71\">7.00<\/td><td width=\"406\">+ Wies\u0142aw Czarnecki (of. rodz. Glowackich)<\/td><\/tr><tr><td width=\"71\">17.00<\/td><td width=\"406\">Wynagradzaj\u0105ca Naj\u015bwi\u0119tszemu Sercu Pana Jezusa.<\/td><\/tr><tr><td width=\"71\">17.00<\/td><td width=\"406\">+ Marcjanna, Piotr + Ciurysk\u00f3w, Dud\u00f3w<\/td><\/tr><tr><td width=\"71\">17.00<\/td><td width=\"406\">+ Jan Po\u017adzik (of. wnuka Grzegorza)<\/td><\/tr><tr><td rowspan=\"5\" width=\"151\"><p><strong>SOBOTA <\/strong><\/p><p><strong>\u00a0<\/strong><\/p><\/td><td width=\"71\">7.00<\/td><td width=\"406\">+ Janusz Misiarz (6r.\u015b.); Maria Misiarz (5r.\u015b.)<\/td><\/tr><tr><td width=\"71\">7.00<\/td><td width=\"406\">+ Marek Kurdziel (5r.\u015b.)<\/td><\/tr><tr><td width=\"71\">17.00<\/td><td width=\"406\">Wynagradzaj\u0105ca Niepokalanemu Sercu NMP<\/td><\/tr><tr><td width=\"71\">17.00<\/td><td width=\"406\">Dzi\u0119kczynna w 5 rocznic\u0119 \u015blubu Mateusza i Patrycji Kasiedczak i\u00a0 4 rocznic\u0119 urodzin Kamilki z pro\u015bb\u0105 o dalsze Bo\u017ce b\u0142ogos\u0142awie\u0144stwo, opiek\u0119 Matki Naj\u015bwi\u0119tszej \u00a0i potrzebne \u0142aski dla Rodziny.<\/td><\/tr><tr><td width=\"71\">17.00<\/td><td width=\"406\">+ Jan Telep<\/td><\/tr><tr><td rowspan=\"4\" width=\"151\"><p><strong>NIEDZIELA <\/strong><\/p><p><strong>\u00a0<\/strong><\/p><\/td><td width=\"71\">8.00<\/td><td width=\"406\">+ Zygmunt Skwary\u0142o (13r.\u015b.)<\/td><\/tr><tr><td width=\"71\">8.00<\/td><td width=\"406\">+ Janina, Henryk Kury\u0142o<\/td><\/tr><tr><td width=\"71\">11.00<\/td><td width=\"406\">Dzi\u0119kczynna za plony.<\/td><\/tr><tr><td width=\"71\">11.00<\/td><td width=\"406\">+ Jan Po\u017aniak (of. rodz. Tymickich)<\/td><\/tr><\/tbody><\/table><p><strong>\u00a0<\/strong><\/p><p><strong>\u00a0\u00a0\u00a0\u00a0\u00a0\u00a0\u00a0\u00a0\u00a0\u00a0\u00a0 <\/strong><\/p><p><strong>\u00a0\u00a0\u00a0\u00a0\u00a0\u00a0\u00a0\u00a0\u00a0 INTENCJE MSZALNE OD \u00a0\u00a024 \u2013 30 SIERPNIA 2026 R. <\/strong><\/p><p><strong>\u00a0<\/strong><\/p><table width=\"628\"><tbody><tr><td width=\"151\"><h3><strong>DZIE\u0143 <\/strong><\/h3><\/td><td width=\"71\"><strong>GODZ. <\/strong><\/td><td width=\"406\"><strong>W\u00a0\u00a0 JAKIEJ\u00a0\u00a0 INTENCJI<\/strong><\/td><\/tr><tr><td rowspan=\"4\" width=\"151\"><strong>PONIEDZIA\u0141EK <\/strong><\/td><td width=\"71\">7.00<\/td><td width=\"406\">+ W\u0142adys\u0142awa (ona) Czerwieniec w 7 dzie\u0144 po \u015bmierci.<\/td><\/tr><tr><td width=\"71\">17.00<\/td><td width=\"406\">+ Stefan Duda (30r.\u015b.)<\/td><\/tr><tr><td width=\"71\">17.00<\/td><td width=\"406\">+ Czes\u0142awa (ona) Wr\u00f3bel (of. rodz. Dorosz\u00f3w i\u00a0 Kupc\u00f3w z Niedzielisk Kolonii)<\/td><\/tr><tr><td width=\"71\">17.00<\/td><td width=\"406\">+ Tadeusz Sobo\u0144 w 7 dzie\u0144 po \u015bmierci.<\/td><\/tr><tr><td rowspan=\"4\" width=\"151\">WTOREK<\/td><td width=\"71\">7.00<\/td><td width=\"406\">+ Irena Ochma\u0144ska (of. rodz. Klajn)<\/td><\/tr><tr><td width=\"71\">7.00<\/td><td width=\"406\">+ Anna Ho\u0142owi\u0144ska\u00a0 (co mies.)<\/td><\/tr><tr><td width=\"71\">17.00<\/td><td width=\"406\">+ Wies\u0142aw Czarnecki (of. Krzysztofa i Sylwii Kopciuch)<\/td><\/tr><tr><td width=\"71\">17.00<\/td><td width=\"406\">+\u00a0 Jan Po\u017adzik (of. wnuka Piotra)<\/td><\/tr><tr><td rowspan=\"4\" width=\"151\"><strong>\u015aRODA <\/strong><\/td><td width=\"71\">8.00<\/td><td width=\"406\"><strong>+ <\/strong>Maria Jonasz ; Jan, Tadeusz, Jan, J\u00f3zef Jonasz<\/td><\/tr><tr><td width=\"71\">8.00<\/td><td width=\"406\">+ Mieczys\u0142aw Popielec (co mies.)<\/td><\/tr><tr><td width=\"71\">17.00<\/td><td width=\"406\">+ Marian Kukie\u0142ka<\/td><\/tr><tr><td width=\"71\">17.00<\/td><td width=\"406\">+ Jan, Genowefa Kaszyca; Maria, Marian Kaszyca<\/td><\/tr><tr><td rowspan=\"5\" width=\"151\"><p><strong>CZWARTEK<\/strong><\/p><p><strong>\u00a0<\/strong><\/p><p><strong>\u00a0<\/strong><\/p><\/td><td width=\"71\">7.00<\/td><td width=\"406\">+ Dariusz Hordej (of. rodz. Papie\u017c)<\/td><\/tr><tr><td width=\"71\">7.00<\/td><td width=\"406\">Za zmar\u0142\u0105 Emilk\u0119 w 7 dzie\u0144 po \u015bmierci. Dzi\u0119kczynna za dar\u00a0 jej \u017cycie oraz o wiar\u0119 , nadziej\u0119\u00a0 i ukojenie w b\u00f3lu dla jej Rodzic\u00f3w i Rodziny.<\/td><\/tr><tr><td width=\"71\">17.00<\/td><td width=\"406\">+ Miros\u0142aw Tch\u00f3rz (of. rodz. Chrzan)<\/td><\/tr><tr><td width=\"71\">17.00<\/td><td width=\"406\">+ Czes\u0142awa (ona) Banach (of. rodz. Rataj i Skuba)<\/td><\/tr><tr><td width=\"71\">17.00<\/td><td width=\"406\">+ Jan Misiarz w 7 dzie\u0144 po \u015bmierci.<\/td><\/tr><tr><td rowspan=\"3\" width=\"151\"><strong>PI\u0104TEK<\/strong><\/td><td width=\"71\">7.00<\/td><td width=\"406\">+ Krzysztof Kowalczyk (of. rodz. \u017buk z Michalowa)<\/td><\/tr><tr><td width=\"71\">17.00<\/td><td width=\"406\">\u00a0O trze\u017awo\u015b\u0107 naszego Narodu, za osoby uzale\u017cnione od alkoholu, narkotyk\u00f3w oraz za ich rodziny.<\/td><\/tr><tr><td width=\"71\">17.00<\/td><td width=\"406\">Dzi\u0119kczynna w 18 rocznic\u0119 urodzin Wiktorii z\u00a0 pro\u015bb\u0105 o dalsze Bo\u017ce b\u0142ogos\u0142awie\u0144stwo, dary Ducha \u015awi\u0119tego, opiek\u0119 Matki Naj\u015bwi\u0119tszej i potrzebne \u0142aski .<\/td><\/tr><tr><td rowspan=\"5\" width=\"151\"><p><strong>SOBOTA <\/strong><\/p><p><strong>\u00a0<\/strong><\/p><\/td><td width=\"71\">7.00<\/td><td width=\"406\">+ Stanis\u0142awa (ona) Kowal; Stanis\u0142aw, Rozalia, Edward Kowal; Kozin\u00f3w<\/td><\/tr><tr><td width=\"71\">7.00<\/td><td width=\"406\">+ Ryszard Ha\u0142asa w 30 dzie\u0144 po \u015bmierci.<\/td><\/tr><tr><td width=\"71\">13.00<\/td><td width=\"406\">Chrzest<\/td><\/tr><tr><td width=\"71\">17.00<\/td><td width=\"406\">+ Edward Pa\u0144czyk , Marianna, J\u00f3zef, Wojciech, Zofia<\/td><\/tr><tr><td width=\"71\">17.00<\/td><td width=\"406\">Dzi\u0119kczynna w 2 rocznic\u0119 \u015blubu Wiktorii i Karola\u00a0 z pro\u015bb\u0105 o dalsze Bo\u017ce b\u0142ogos\u0142awie\u0144stwo, opiek\u0119 Matki Naj\u015bwi\u0119tszej \u00a0i potrzebne \u0142aski dla Rodziny.<\/td><\/tr><tr><td rowspan=\"8\" width=\"151\"><p><strong>NIEDZIELA <\/strong><\/p><p><strong>\u00a0<\/strong><\/p><\/td><td width=\"71\">8.00<\/td><td width=\"406\">Dzi\u0119kczynna w 30 rocznic\u0119 \u015blubu Janusza i Ewy\u00a0 z pro\u015bb\u0105 o dalsze Bo\u017ce b\u0142ogos\u0142awie\u0144stwo, opiek\u0119 Matki Naj\u015bwi\u0119tszej \u00a0i potrzebne \u0142aski dla Rodziny.<\/td><\/tr><tr><td width=\"71\">8.00<\/td><td width=\"406\">+ Maria Kowalczyk (of. wnuka Marcina z \u017con\u0105 i synami)<\/td><\/tr><tr><td width=\"71\">8.00<\/td><td width=\"406\">+ Bo\u017cena (8r.\u015b.) Krzysztof (8r.\u015b.) Kozio\u0142ek; Janina Bubi\u0142ek; Agnieszka, Jan K\u0142us; Feliks, Leokadia Bubi\u0142ek<\/td><\/tr><tr><td width=\"71\">10.00<\/td><td width=\"406\">Dzi\u0119kczynna za czas wakacji z pro\u015bb\u0105 o Bo\u017ce b\u0142ogos\u0142awie\u0144stwo, dary Ducha \u015awi\u0119tego, opiek\u0119 Matki Naj\u015bwi\u0119tszej dla dzieci, m\u0142odzie\u017cy, ich Rodzic\u00f3w, nauczycieli i pracownik\u00f3w niepedagogicznych naszych szk\u00f3\u0142.<\/td><\/tr><tr><td width=\"71\">10.00<\/td><td width=\"406\">+\u00a0 Agnieszka Wiszniewska (of. kole\u017canek i koleg\u00f3w z klasy szkolnej)<\/td><\/tr><tr><td width=\"71\">10.00<\/td><td width=\"406\">+ W\u0142adys\u0142aw Pa\u0144czyk (11r.\u015b.); Maria Pa\u0144czyk (8r.\u015b.)<\/td><\/tr><tr><td width=\"71\">12.00<\/td><td width=\"406\">+ Jerzy\u00a0 R\u00f3\u017cycki (26r.\u015b.) Ma\u0107kowiak\u00f3w, R\u00f3\u017cyckich<\/td><\/tr><tr><td width=\"71\">12.00<\/td><td width=\"406\">+ Jan Szyduk (of. \u017cony i dzieci)<\/td><\/tr><\/tbody><\/table><p><strong>\u00a0\u00a0\u00a0 \u00a0\u00a0\u00a0\u00a0<\/strong><\/p><p><strong>\u00a0\u00a0\u00a0\u00a0<\/strong><\/p><p><strong>\u00a0 \u00a0INTENCJE MSZALNE OD 17 \u2013 23 SIERPNIA 2026 R. <\/strong><\/p><p><strong>\u00a0<\/strong><\/p><p><strong>\u00a0<\/strong><\/p><table width=\"628\"><tbody><tr><td width=\"151\"><h3><strong>DZIE\u0143\u00a0 TYGODNIA<\/strong><\/h3><\/td><td width=\"85\"><strong>GODZINA<\/strong><\/td><td width=\"392\"><strong>W\u00a0\u00a0 JAKIEJ\u00a0\u00a0 INTENCJI<\/strong><\/td><\/tr><tr><td rowspan=\"6\" width=\"151\">PONIEDZIA\u0141EK<\/td><td width=\"85\">\u00a0<\/td><td width=\"392\">+ <strong>Anastazja Kurdziel (greg.)<\/strong> \u2013 poza parafi\u0105<\/td><\/tr><tr><td width=\"85\">7.00<\/td><td width=\"392\">+ Zbigniew Pomara\u0144ski\u00a0 (1r.\u015b.)<\/td><\/tr><tr><td width=\"85\">7.00<\/td><td width=\"392\">+ Maria Garbata w 7 dzie\u0144 po \u015bmierci.<\/td><\/tr><tr><td width=\"85\">17.00<\/td><td width=\"392\">+ Stanis\u0142awa (ona) Dunicz ; Emilia, Marianna, Janina, Zygmunt Bednarz<\/td><\/tr><tr><td width=\"85\">17.00<\/td><td width=\"392\">+ Micha\u0142 Ku\u017ama (of. ojca z Kandy)<\/td><\/tr><tr><td width=\"85\">17.00<\/td><td width=\"392\">+ Teresa Fedec (co mies.)<\/td><\/tr><tr><td rowspan=\"5\" width=\"151\"><p><strong>WTOREK <\/strong><\/p><p><strong>\u00a0<\/strong><\/p><\/td><td width=\"85\">\u00a0<\/td><td width=\"392\">+ <strong>Anastazja Kurdziel (greg.)<\/strong> ( poza parafi\u0105)<\/td><\/tr><tr><td width=\"85\">7.00<\/td><td width=\"392\"><strong>+ Aleksander B\u017adziuch<\/strong> (of. syna Roberta z rodzin\u0105)<\/td><\/tr><tr><td width=\"85\">7.00<\/td><td width=\"392\"><strong>+ Julianna Kiszczak (of. rodz. Wrona) \u00a0\u00a0\u00a0\u00a0\u00a0\u00a0\u00a0\u00a0\u00a0<\/strong><\/td><\/tr><tr><td width=\"85\">17.00<\/td><td width=\"392\">Dzi\u0119kczynna w 5 rocznic\u0119 \u015blubu Marleny i Grzegorza \u00a0z pro\u015bb\u0105 o dalsze Bo\u017ce b\u0142ogos\u0142awie\u0144stwo, opiek\u0119 Matki Naj\u015bwi\u0119tszej \u00a0i potrzebne \u0142aski dla Rodziny.<\/td><\/tr><tr><td width=\"85\">17.00<\/td><td width=\"392\">+ <strong>Miros\u0142aw Tch\u00f3rz<\/strong> (of. rodz. Kucio)<\/td><\/tr><tr><td rowspan=\"4\" width=\"151\"><p><strong>\u015aRODA <\/strong><\/p><p><strong>\u00a0<\/strong><\/p><\/td><td width=\"85\">7.00<\/td><td width=\"392\"><strong>+ Anastazja Kurdziel (greg.) \u00a0\u00a0\u00a0\u00a0\u00a0\u00a0\u00a0\u00a0\u00a0\u00a0\u00a0\u00a0\u00a0\u00a0\u00a0\u00a0\u00a0\u00a0\u00a0\u00a0\u00a0\u00a0\u00a0\u00a0\u00a0<\/strong><\/td><\/tr><tr><td width=\"85\">7.00<\/td><td width=\"392\"><strong>+ Aleksander B\u017adziuch, Witold B\u017cdziuch<\/strong> \u00a0\u00a0\u00a0\u00a0\u00a0\u00a0\u00a0\u00a0\u00a0\u00a0\u00a0\u00a0\u00a0\u00a0\u00a0\u00a0\u00a0\u00a0\u00a0\u00a0\u00a0\u00a0\u00a0\u00a0\u00a0\u00a0\u00a0\u00a0\u00a0\u00a0\u00a0\u00a0\u00a0\u00a0\u00a0\u00a0\u00a0\u00a0\u00a0(of. syna S\u0142awomira z rodzon\u0105)<\/td><\/tr><tr><td width=\"85\">17.00<\/td><td width=\"392\">Dzi\u0119kczynna w rocznice urodzin Greis z pro\u015bb\u0105 o Bo\u017ce b\u0142ogos\u0142awie\u0144stwo, opiek\u0119 Matki Naj\u015bwi\u0119tszej potrzebne \u0142aski dla Niej i Rodziny.<\/td><\/tr><tr><td width=\"85\">17.00<\/td><td width=\"392\">+ J\u00f3zef K\u0142us (20r.\u015b.); Maria K\u0142us<\/td><\/tr><tr><td rowspan=\"3\" width=\"151\"><strong>CZWARTEK <\/strong><\/td><td width=\"85\">7.00<\/td><td width=\"392\"><strong>+ Maria Garbata<\/strong> (of. c\u00f3rki Agnieszki z rodzin\u0105)<\/td><\/tr><tr><td width=\"85\">17.00<\/td><td width=\"392\">+ J\u00f3zef Kowalczyk; Aniela, Wincenty Jonasz<\/td><\/tr><tr><td width=\"85\">17.00<\/td><td width=\"392\">Dzi\u0119kczynna z pro\u015bb\u0105 o Bo\u017ce\u00a0 b\u0142ogos\u0142awie\u0144stwo , opiek\u0119 Matki Naj\u015bwi\u0119tszej i Anio\u0142\u00f3w Str\u00f3\u017c\u00f3w dla Korneli , Igi i Rodzic\u00f3w.<\/td><\/tr><tr><td rowspan=\"3\" width=\"151\"><strong>PI\u0104TEK <\/strong><\/td><td width=\"85\">16.00<\/td><td width=\"392\">\u015alubna : Albert Kacperski \u2013 Karolina \u017buk<\/td><\/tr><tr><td width=\"85\">17.15<\/td><td width=\"392\">+ Franciszka (ona), Micha\u0142 Popielec; Popielc\u00f3w, Sachadym\u00f3w, Mi\u0119\u017ca\u0142\u00f3w<\/td><\/tr><tr><td width=\"85\">17.15<\/td><td width=\"392\">+ Genowefa Po\u017adzik (of. Marii Kawala z rodz. Wr\u00f3bl\u00f3w i Fus\u00f3w)<\/td><\/tr><tr><td rowspan=\"4\" width=\"151\"><p><strong>SOBOTA <\/strong><\/p><p><strong>\u00a0<\/strong><\/p><\/td><td width=\"85\">7.00<\/td><td width=\"392\">+ Jerzy Duda (18r.\u015b.)<\/td><\/tr><tr><td width=\"85\">15.00<\/td><td width=\"392\">\u015alubna : Dominik Dzier\u017canowski \u2013 Magdalena Rycaj<\/td><\/tr><tr><td width=\"85\">17.00<\/td><td width=\"392\">+ Wies\u0142aw (2r.\u015b.), Damian \u015awiderek; Ada\u015b Bubi\u0142ek<\/td><\/tr><tr><td width=\"85\">17.00<\/td><td width=\"392\">+ Aleksander Kasiedczak (of. syna \u0141ukasza z rodzin\u0105)<\/td><\/tr><tr><td rowspan=\"6\" width=\"151\"><p><strong>NIEDZIELA\u00a0 <\/strong><\/p><p><strong>\u00a0<\/strong><\/p><p><strong>\u00a0<\/strong><\/p><\/td><td width=\"85\">8.00<\/td><td width=\"392\">+ Zofia, Leon Senderek; El\u017cbieta Cios; Gra\u017cyna Magdziak; Agnieszka, Franciszek Nizio; Eugenia Biszkont; Janina, Feliks Socha<\/td><\/tr><tr><td width=\"85\">8.00<\/td><td width=\"392\">Dzi\u0119kczynna w 40 rocznic\u0119 \u015blubu Joanny i Zbigniewa z pro\u015bb\u0105 o dalsze Bo\u017ce b\u0142ogos\u0142awie\u0144stwo, opiek\u0119 Matki Naj\u015bwi\u0119tszej \u00a0i potrzebne \u0142aski dla Rodziny.<\/td><\/tr><tr><td width=\"85\">10.00<\/td><td width=\"392\">+ Katarzyna Ku\u017ama (18r.\u015b.), J\u00f3zef, Jerzy Ku\u017ama<\/td><\/tr><tr><td width=\"85\">10.00<\/td><td width=\"392\">+ Stanis\u0142awa (ona), Czes\u0142aw, Krystyna Sobczyk<\/td><\/tr><tr><td width=\"85\">12.00<\/td><td width=\"392\">+ Genowefa Kaszyca (15r.\u015b.), Edward, Stefan, Leszek ; Roman Surmacz<\/td><\/tr><tr><td width=\"85\">12.00<\/td><td width=\"392\">Dzi\u0119kczynna z okazji 18 rocznicy urodzin Miko\u0142aja\u00a0 z pro\u015bb\u0105 o Bo\u017ce b\u0142ogos\u0142awie\u0144stwo, dary Ducha \u015awi\u0119tego, opiek\u0119 Matki Bo\u017cej\u00a0 Nieustaj\u0105cej Pomocy, zdrowie i potrzebne \u0142aski.<\/td><\/tr><\/tbody><\/table><p><strong>\u00a0\u00a0 \u00a0\u00a0INTENCJE MSZALNE \u00a0OD \u00a010 \u2013 16 SIERPNIA 2026 R. <\/strong><\/p><table width=\"633\"><tbody><tr><td width=\"151\"><h3>DZIE\u0143<\/h3><\/td><td width=\"85\">\u00a0GODZ.<\/td><td width=\"397\">W\u00a0\u00a0 JAKIEJ\u00a0\u00a0 INTENCJI<\/td><\/tr><tr><td rowspan=\"5\" width=\"151\">PONIEDZIA\u0141EK<\/td><td width=\"85\">7.00<\/td><td width=\"397\"><strong>+ Anastazja Kurdziel (greg.)\u00a0 <\/strong><\/td><\/tr><tr><td width=\"85\">7.00<\/td><td width=\"397\">+ Wies\u0142aw Czarnecki (of. Lucyny Wal z c\u00f3rkami)<\/td><\/tr><tr><td width=\"85\">17.00<\/td><td width=\"397\">+ Irena , Stanis\u0142aw Kozak; Zbigniew Gawro\u0144ski; Witold Ciebie\u0144<\/td><\/tr><tr><td width=\"85\">17.00<\/td><td width=\"397\">+ Stanis\u0142aw \u017buk (r. \u015b.), \u017buk\u00f3w<\/td><\/tr><tr><td width=\"85\"><strong>17.00 <\/strong><\/td><td width=\"397\"><strong>+ Jan Szyduk<\/strong> (of. Andrzeja \u015awiergo\u0144 z rodzin\u0105)<\/td><\/tr><tr><td rowspan=\"7\" width=\"151\">WTOREK<\/td><td width=\"85\">7.00<\/td><td width=\"397\">+ <strong>Anastazja Kurdziel (greg.)<\/strong><\/td><\/tr><tr><td width=\"85\">7.00<\/td><td width=\"397\">+ <strong>Aleksander B\u017adziuch<\/strong> (of. brata Henryka z rodzin\u0105)<\/td><\/tr><tr><td width=\"85\">7.00<\/td><td width=\"397\">+ <strong>Aleksander B\u017adziuch<\/strong> (of. Waldemara B\u017adziucha z rodzin\u0105)<\/td><\/tr><tr><td width=\"85\">17.00<\/td><td width=\"397\">+ Jan (2r.\u015b.), Janina, Mieczys\u0142aw, Maria, J\u00f3zef Kawala i dusze w czy\u015b\u0107cu cierpi\u0105ce.<\/td><\/tr><tr><td width=\"85\">17.00<\/td><td width=\"397\"><strong>+ <\/strong>Eugeniusz Kasiedczak (of. rodz. Ha\u0142asa)<\/td><\/tr><tr><td width=\"85\">17.00<\/td><td width=\"397\"><strong>+ Krzysztof Kowalczyk<\/strong> (of. Stanis\u0142awa Misiarz\u00a0 rodzin\u0105)<\/td><\/tr><tr><td width=\"85\">17.00<\/td><td width=\"397\"><strong>+ Genowefa, J\u00f3zef Jarosz; Wanda, Adolf Pa\u0144czyk <\/strong><\/td><\/tr><tr><td rowspan=\"6\" width=\"151\">\u015aRODA<\/td><td width=\"85\">7.00<\/td><td width=\"397\"><strong>+ Anastazja Kurdziel (greg.)\u00a0 <\/strong><\/td><\/tr><tr><td width=\"85\">7.00<\/td><td width=\"397\">+ Stanis\u0142awa (ona) Wr\u00f3bel w 30 dzie\u0144 po \u015bmierci.<\/td><\/tr><tr><td width=\"85\">17.00<\/td><td width=\"397\">+ Renata Bednarz (9r.\u015b.)<\/td><\/tr><tr><td width=\"85\">17.00<\/td><td width=\"397\">+ Piotr Rogala (25r.\u015b.); Rogal\u00f3w, Ciurysk\u00f3w<\/td><\/tr><tr><td width=\"85\">17.00<\/td><td width=\"397\">+ Dariusz Hordej (of. Ma\u0142gorzaty Solak z rodzin\u0105)<\/td><\/tr><tr><td width=\"85\">17.00<\/td><td width=\"397\">O Bo\u017ce b\u0142ogos\u0142awie\u0144stwo, opiek\u0119 Matki Bo\u017cej Nieustaj\u0105cej\u00a0 Pomocy i \u0142ask\u0119 zdrowia dla Haliny.<\/td><\/tr><tr><td rowspan=\"6\" width=\"151\">CZWARTEK<\/td><td width=\"85\">7.00<\/td><td width=\"397\"><strong>+ Anastazja Kurdziel (greg.)\u00a0 <\/strong><\/td><\/tr><tr><td width=\"85\">7.00<\/td><td width=\"397\">+ Czes\u0142aw Chwiejczak (36r.\u015b)<\/td><\/tr><tr><td width=\"85\">17.00<\/td><td width=\"397\">Za Ojczyzn\u0119, o jedno\u015b\u0107 Polak\u00f3w i pok\u00f3j na \u015bwiecie.<\/td><\/tr><tr><td width=\"85\">17.00<\/td><td width=\"397\">+ J\u00f3zef Po\u017adzik (r. \u015b.)<\/td><\/tr><tr><td width=\"85\">17.00<\/td><td width=\"397\">Dzi\u0119kczynna w 30 rocznic\u0119 \u015blubu Ma\u0142gorzaty i Mariusza z pro\u015bb\u0105 o dalsze Bo\u017ce b\u0142ogos\u0142awie\u0144stwo, opiek\u0119 Matki Naj\u015bwi\u0119tszej \u00a0i potrzebne \u0142aski dla Rodziny.<\/td><\/tr><tr><td width=\"85\"><strong>17.00<\/strong><\/td><td width=\"397\"><strong>+ Rados\u0142aw Misiarz<\/strong>\u00a0 (of. Lucyny i Andrzeja Laszko)<\/td><\/tr><tr><td rowspan=\"5\" width=\"151\">PI\u0104TEK<\/td><td width=\"85\">7.00<\/td><td width=\"397\"><strong>+ Anastazja Kurdziel (greg.)\u00a0 <\/strong><\/td><\/tr><tr><td width=\"85\">7.00<\/td><td width=\"397\">+ Stanis\u0142awa (ona) Lipska w 30 dzie\u0144 po \u015bmierci.<\/td><\/tr><tr><td width=\"85\">17.00<\/td><td width=\"397\">+ Jan Kawala (2r.\u015b.)<\/td><\/tr><tr><td width=\"85\">17.00<\/td><td width=\"397\">+ Anna Tymczak; Stanis\u0142aw, Czes\u0142awa (ona) T\u0142uczek<\/td><\/tr><tr><td width=\"85\">17.00<\/td><td width=\"397\">+ Barbara\u00a0 Konstanty \u00a0( imi\u0119 i nazwisko)<\/td><\/tr><tr><td rowspan=\"9\" width=\"151\">SOBOTA<\/td><td width=\"85\">8.00<\/td><td width=\"397\"><strong>+ Anastazja Kurdziel (greg.)\u00a0 <\/strong><\/td><\/tr><tr><td width=\"85\">8.00<\/td><td width=\"397\">+ Grzegorz Matej (30r.\u015b.); J\u00f3zef Matej<\/td><\/tr><tr><td width=\"85\">8.00<\/td><td width=\"397\">Dzi\u0119kczynna z pro\u015bb\u0105 o Bo\u017ce b\u0142ogos\u0142awie\u0144stwo i opiek\u0119 Matki Naj\u015bwi\u0119tszej dla rodzin Puchacz\u00f3w i Tyszk\u00f3w.<\/td><\/tr><tr><td width=\"85\">10.00<\/td><td width=\"397\">+ Magdalena Matwij (ur.) Roman Kulik (17r.\u015b.)<\/td><\/tr><tr><td width=\"85\">10.00<\/td><td width=\"397\">+ Maria, Marian Kaszyca<\/td><\/tr><tr><td width=\"85\">10.00<\/td><td width=\"397\">+ Jan Po\u017aniak (of. rodz. Nizio)<\/td><\/tr><tr><td width=\"85\">12.00<\/td><td width=\"397\">+ Edward Ko\u0142odziejczyk (r. \u015b.) \u2013 <strong>chrzest Marcel<\/strong><\/td><\/tr><tr><td width=\"85\">12.00<\/td><td width=\"397\">+ Antoni K\u0142us; W\u0142adys\u0142aw, Janina K\u0142us<\/td><\/tr><tr><td width=\"85\">12.00<\/td><td width=\"397\">Dzi\u0119kczynna w 4 rocznic\u0119 \u015blubu Marioli i Krystiana z \u00a0pro\u015bb\u0105 o dalsze Bo\u017ce b\u0142ogos\u0142awie\u0144stwo, opiek\u0119 Matki Naj\u015bwi\u0119tszej, i potrzebne \u0142aski dla Rodziny.<\/td><\/tr><tr><td rowspan=\"9\" width=\"151\"><p>\u00a0NIEDZIELA<\/p><p><strong>\u00a0<\/strong><\/p><\/td><td width=\"85\">8.00<\/td><td width=\"397\">+ Roman, Zofia, Jan, Zofia, Jan, Genowefa, Tomasz, Katarzyna, Ryszard, Magdalena\u00a0\u00a0\u00a0\u00a0\u00a0\u00a0\u00a0\u00a0\u00a0\u00a0\u00a0\u00a0\u00a0\u00a0\u00a0\u00a0\u00a0\u00a0\u00a0\u00a0\u00a0\u00a0\u00a0\u00a0\u00a0\u00a0\u00a0\u00a0\u00a0\u00a0\u00a0 + Szczyg\u0142\u00f3w<\/td><\/tr><tr><td width=\"85\">8.00<\/td><td width=\"397\">+ Aleksander Koziej (4r.\u015b.)<\/td><\/tr><tr><td width=\"85\">8.00<\/td><td width=\"397\">+ Halina Pastuszak<\/td><\/tr><tr><td width=\"85\">10.00<\/td><td width=\"397\">+ Jacek (5r.\u015b.), Eugeniusz K\u0142us; Andrzej, Janina, Jan Sachadym<\/td><\/tr><tr><td width=\"85\">10.00<\/td><td width=\"397\">+ Janina, Mieczys\u0142aw, Jan Kawala; Zofia, Marcin, Maria, Jan Sachadym; Edward Decyk<\/td><\/tr><tr><td width=\"85\">1<strong>0.00<\/strong><\/td><td width=\"397\"><strong>+ Anastazja Kurdziel (greg.) <\/strong><\/td><\/tr><tr><td width=\"85\">12.00<\/td><td width=\"397\">Dzi\u0119kczynna z okazji 40 rocznicy \u015blubu Marioli i Wojciecha z pro\u015bb\u0105 o dalsze Bo\u017ce b\u0142ogos\u0142awie\u0144stwo, opiek\u0119 Matki Naj\u015bwi\u0119tszej i potrzebne \u0142aski dla Rodziny.<\/td><\/tr><tr><td width=\"85\">12.00<\/td><td width=\"397\">Dzi\u0119kczynna w 16 rocznic\u0119 urodzin Martyny i Antoniego i 22 rocznic\u0119 \u015blubu Agnieszki i Paw\u0142a z\u00a0 z pro\u015bb\u0105 o dalsze Bo\u017ce b\u0142ogos\u0142awie\u0144stwo, dary Ducha \u015awi\u0119tego, opiek\u0119 Matki Naj\u015bwi\u0119tszej i potrzebne \u0142aski dla Rodziny.<\/td><\/tr><tr><td width=\"85\">12.00<\/td><td width=\"397\">+ Anna Kowalczyk (of. Dyrekcji i Pracownik\u00f3w DPS \u201ePod Modrzewiami\u201d ).<\/td><\/tr><\/tbody><\/table><p><strong>\u00a0\u00a0\u00a0\u00a0\u00a0\u00a0\u00a0\u00a0\u00a0\u00a0\u00a0 <\/strong><\/p><p><strong>\u00a0 \u00a0 \u00a0 \u00a0 \u00a0 \u00a0 \u00a0<\/strong><\/p><p><strong>\u00a0<\/strong><\/p><p><strong>\u00a0 \u00a0<\/strong><\/p><h3>\u00a0<\/h3>\t\t\t\t\t<\/div>\n\t\t\t\t\t\t<\/div>\n\t\t\t\t<\/div>\n\t\t\t\t\t\t<\/div>\n\t\t\t\t\t<\/div>\n\t\t<\/div>\n\t\t\t\t\t\t\t\t<\/div>\n\t\t\t\t\t<\/div>\n\t\t<\/section>\n\t\t\t\t\t\t<\/div>\n\t\t\t\t\t\t<\/div>\n\t\t\t\t\t<\/div>\n\t\t","protected":false},"excerpt":{"rendered":"<p>\u00a0\u00a0\u00a0\u00a0 \u00a0\u00a0INTENCJE MSZALNE OD \u00a007 \u2013 13 WRZE\u015aNIA 2026 R. \u00a0 DZIE\u0143 GODZ. W\u00a0\u00a0 JAKIEJ\u00a0\u00a0 INTENCJI PONIEDZIA\u0141EK 7.00 + Dariusz Hordej (of. [&hellip;]<\/p>\n","protected":false},"author":5,"featured_media":0,"parent":0,"menu_order":0,"comment_status":"closed","ping_status":"closed","template":"page-templates\/page_fullwidth.php","meta":{"footnotes":""},"class_list":["post-748","page","type-page","status-publish","hentry"],"wppr_data":{"cwp_meta_box_check":"No"},"_links":{"self":[{"href":"https:\/\/parafia-klemensow.pl\/index.php\/wp-json\/wp\/v2\/pages\/748","targetHints":{"allow":["GET"]}}],"collection":[{"href":"https:\/\/parafia-klemensow.pl\/index.php\/wp-json\/wp\/v2\/pages"}],"about":[{"href":"https:\/\/parafia-klemensow.pl\/index.php\/wp-json\/wp\/v2\/types\/page"}],"author":[{"embeddable":true,"href":"https:\/\/parafia-klemensow.pl\/index.php\/wp-json\/wp\/v2\/users\/5"}],"replies":[{"embeddable":true,"href":"https:\/\/parafia-klemensow.pl\/index.php\/wp-json\/wp\/v2\/comments?post=748"}],"version-history":[{"count":1258,"href":"https:\/\/parafia-klemensow.pl\/index.php\/wp-json\/wp\/v2\/pages\/748\/revisions"}],"predecessor-version":[{"id":5900,"href":"https:\/\/parafia-klemensow.pl\/index.php\/wp-json\/wp\/v2\/pages\/748\/revisions\/5900"}],"wp:attachment":[{"href":"https:\/\/parafia-klemensow.pl\/index.php\/wp-json\/wp\/v2\/media?parent=748"}],"curies":[{"name":"wp","href":"https:\/\/api.w.org\/{rel}","templated":true}]}}